{"id":282,"date":"2026-01-23T15:10:37","date_gmt":"2026-01-23T15:10:37","guid":{"rendered":"https:\/\/memostasis.parisnanterre.fr\/?page_id=282"},"modified":"2026-01-26T12:23:36","modified_gmt":"2026-01-26T12:23:36","slug":"annuaire","status":"publish","type":"page","link":"https:\/\/memostasis.parisnanterre.fr\/index.php\/annuaire\/","title":{"rendered":"Annuaire"},"content":{"rendered":"\n<figure class=\"wp-block-table\"><table><tbody><tr><td class=\"has-text-align-left\" data-align=\"left\"><strong>Nom<\/strong><\/td><td><strong>Pays<\/strong><\/td><td><strong>Domaine<\/strong><\/td><td><strong>Mots-cl\u00e9s<\/strong><\/td><td><strong>Mail<\/strong><\/td><td><strong>Universit\u00e9 et ville d\u2019enseignement<\/strong><\/td><\/tr><tr><td class=\"has-text-align-left\" data-align=\"left\">ALARDIN Gary<\/td><td>France<\/td><td>Histoire moderne<\/td><td>Mercenaires, guerre de Religion, allemands, suisses<\/td><td><a href=\"mailto:gary.alardin@edu.univ-fcomte.fr\">gary.alardin@edu.univ-fcomte.fr<\/a><\/td><td>Universit\u00e9 de Franche-Comt\u00e9, Besan\u00e7on<\/td><\/tr><tr><td class=\"has-text-align-left\" data-align=\"left\">ALARY Viviane<\/td><td>France<\/td><td>Etudes Hispaniques<\/td><td>Franquisme, Espagne, Globalisation, Diaspora, M\u00e9moire, Litt\u00e9rature postcoloniale, contre-culture, identit\u00e9, histoire&nbsp;<\/td><td><a href=\"http:\/\/Viviane.ALARY@uca.fr\/\">Viviane.ALARY@uca.fr<\/a><\/td><td>Universit\u00e9 Blaise Pascal, Clermont-Ferrand<\/td><\/tr><tr><td class=\"has-text-align-left\" data-align=\"left\">ANDRE MARC<\/td><td>France<\/td><td>Histoire contemporaine<\/td><td>Immigration, guerre d\u2019Alg\u00e9rie, m\u00e9moire, violence, justice, genre, Alg\u00e9rie, colonisation<\/td><td><a href=\"mailto:marc.andre8@univ-rouen.fr\">marc.andre8@univ-rouen.fr<\/a>&nbsp;<\/td><td>Universit\u00e9 de Normandie, Rouen<\/td><\/tr><tr><td class=\"has-text-align-left\" data-align=\"left\">ARMITAGE David<\/td><td>Etats-Unis<\/td><td>Histoire des id\u00e9es politiques<\/td><td>Empire britannique, histoire du Royaume-Uni, ind\u00e9pendance, Nouveau monde<\/td><td><a href=\"mailto:armitage@fas.harvard.edu\">armitage@fas.harvard.edu<\/a>&nbsp;<\/td><td>Universit\u00e9 Harvard, Etats-Unis<\/td><\/tr><tr><td class=\"has-text-align-left\" data-align=\"left\">AUBERT Gauthier<\/td><td>France<\/td><td>Histoire moderne<\/td><td>Monarchie, Ancien r\u00e9gime, politique et gouvernement en France XVIIe, histoire, r\u00e9volte, XVIIIe, XVIe, XVIIe&nbsp;<\/td><td><a href=\"mailto:Gauthier.aubert@univ-rennes2.fr\">Gauthier.aubert@univ-rennes2.fr<\/a>&nbsp;<\/td><td>Universit\u00e9 de Rennes 2, Rennes<\/td><\/tr><tr><td class=\"has-text-align-left\" data-align=\"left\">AUDOIN-ROUZEAU St\u00e9phane<\/td><td>France<\/td><td>Histoire<\/td><td>G\u00e9nocide des Tutsi, Guerre mondiale, France, Rwanda, civils, m\u00e9moire collective, exp\u00e9rience combattante, nationalisme, guerres civiles, violence, justice<\/td><td><a href=\"mailto:sar@ehess.fr\">sar@ehess.fr<\/a>&nbsp;<\/td><td>EHESS, Paris<\/td><\/tr><tr><td class=\"has-text-align-left\" data-align=\"left\">BABY Sophie<\/td><td>France<\/td><td>Histoire contemporaine<\/td><td>M\u00e9moire, victime, justice transitionnelle, transition et sortie de conflits, violence politique, terrorisme, violence des masses, histoire de l\u2019Espagne du temps pr\u00e9sent (franquisme, transition et d\u00e9mocratie), histoire des circulations XXe &#8211; XXIe (Europe, Espagne, Am\u00e9rique Latine)<\/td><td><a href=\"mailto:sophie.baby@ube.fr\">sophie.baby@ube.fr<\/a>&nbsp;<\/td><td>Universit\u00e9 Bourgogne Europe, Dijon<\/td><\/tr><tr><td class=\"has-text-align-left\" data-align=\"left\">BACHAND Marise<\/td><td>Canada, Qu\u00e9bec<\/td><td>Histoire et \u00c9tudes f\u00e9ministes<\/td><td>Histoire des femmes, Am\u00e9rique du Sud, esclavage, f\u00e9minisme, espaces cr\u00e9oles, XIXe, \u00e9tudes du genre, sexisme, violences<\/td><td><a href=\"mailto:Marise.Bachand@uqtr.ca\">Marise.Bachand@uqtr.ca<\/a>&nbsp;<\/td><td>Universit\u00e9 de Qu\u00e9bec, Trois rivi\u00e8res<\/td><\/tr><tr><td class=\"has-text-align-left\" data-align=\"left\">BANTIGNY Ludivine<\/td><td>France<\/td><td>Histoire contemporaine<\/td><td>Communisme, histoire sociale, colonialisme, violence politique, guerre d\u2019Alg\u00e9rie (1954-1962)<\/td><td><a href=\"mailto:ludivinebantigny@free.fr\">ludivinebantigny@free.fr<\/a>&nbsp;<\/td><td>Universit\u00e9 de Normandie, Rouen<\/td><\/tr><tr><td class=\"has-text-align-left\" data-align=\"left\">BARI\u0106 Daniel<\/td><td>France, Croatie<\/td><td>\u00c9tudes slaves<\/td><td>Balkans, nationalismes, litt\u00e9rature<\/td><td><a href=\"mailto:daniel_baric@yahoo.com\">daniel_baric@yahoo.com<\/a>&nbsp;<\/td><td>Universit\u00e9 Fran\u00e7ois-Rabelais, Tours<\/td><\/tr><tr><td class=\"has-text-align-left\" data-align=\"left\">BATCHOM Paul Evic<\/td><td>Cameroun<\/td><td>Sciences politiques<\/td><td>Guerre civile, organisations internationales, morales, sociologie de la guerre civile, strat\u00e9gie g\u00e9opolitique<\/td><td><a href=\"mailto:paulevic.batchom@univ-yaounde.org\">paulevic.batchom@univ-yaounde.org<\/a>&nbsp;<\/td><td>Institut des relations internationales du Cameroun, Universit\u00e9 de Yaound\u00e9 II<\/td><\/tr><tr><td class=\"has-text-align-left\" data-align=\"left\">BECERRA MAYOR David<\/td><td>Espagne, Belgique<\/td><td>Litt\u00e9rature espagnole<\/td><td>Libert\u00e9 d\u2019expression, la guerre civile, id\u00e9ologies, Espagne et guerre civile espagnole, le r\u00f4le de la litt\u00e9rature<\/td><td><a href=\"mailto:david.becerra@uam.es\">david.becerra@uam.es<\/a>&nbsp;<\/td><td>Universit\u00e9 Catholique de Louvain, Louvain<\/td><\/tr><tr><td class=\"has-text-align-left\" data-align=\"left\">BECKER Annette<\/td><td>France<\/td><td>Histoire contemporaine<\/td><td>Guerres mondiales, m\u00e9moire, violence, culture de la guerre<\/td><td><a href=\"mailto:abecker@nordnet.fr\">abecker@nordnet.fr<\/a>&nbsp;<\/td><td>Universit\u00e9 Paris Nanterre, Paris<\/td><\/tr><tr><td class=\"has-text-align-left\" data-align=\"left\">BEEVOR Antony<\/td><td>Angleterre<\/td><td>Histoire contemporain<\/td><td>Seconde Guerre mondiale, chute de Berlin, guerre civile espagnole, bataille et d\u00e9barquement Normandie, r\u00e9volution russe, guerre civile russe<\/td><td><a href=\"http:\/\/www.antonybeevor.com\">www.antonybeevor.com<\/a> <\/td><td>Ind\u00e9pendant<\/td><\/tr><tr><td class=\"has-text-align-left\" data-align=\"left\">BLUMENTHAL Edward<\/td><td>France<\/td><td>Histoire moderne et contemporaine<\/td><td>Exil, migrations, \u00e9tudes transnationales, formation des \u00e9tats nationaux, droit international d&#8217;asile. Am\u00e9rique du sud, XIXe si\u00e8cle<\/td><td><a href=\"mailto:edward.blumenthal@sorbonne-nouvelle.fr\">edward.blumenthal@sorbonne-nouvelle.fr<\/a> &nbsp;<\/td><td>Universit\u00e9 Sorbonne Nouvelle, Paris<\/td><\/tr><tr><td class=\"has-text-align-left\" data-align=\"left\">BOIDIN Carole<\/td><td>France<\/td><td>Litt\u00e9rature Fran\u00e7aise<\/td><td>Ecriture de soi, r\u00e9cit contemporain, genre<\/td><td><a href=\"mailto:boidincarole@yahoo.fr\">boidincarole@yahoo.fr<\/a>&nbsp;<\/td><td>Universit\u00e9 Paris Nanterre, Paris<\/td><\/tr><tr><td class=\"has-text-align-left\" data-align=\"left\">BONHOMME Eric<\/td><td>France<\/td><td>Histoire contemporaine<\/td><td>Monarchie, Europe au XXe, guerre froide, in\u00e9galit\u00e9s, guerre civile, violence&nbsp;<\/td><td><a href=\"mailto:ericbonhomme@gmail.com\">ericbonhomme@gmail.com<\/a>&nbsp;<\/td><td>Lyc\u00e9e Michel de Montaigne &#8211; enseignant hypokh\u00e2gne, Bordeaux<\/td><\/tr><tr><td class=\"has-text-align-left\" data-align=\"left\">BOUTET Louise<\/td><td>France<\/td><td>Litt\u00e9rature Fran\u00e7aise<\/td><td>Rwanda, litt\u00e9rature et politique, politique m\u00e9morielle, m\u00e9moire collective, guerre civile<\/td><td><a href=\"mailto:boutetlouise11@gmail.com\">boutetlouise11@gmail.com<\/a> &nbsp;<\/td><td>Universit\u00e9 Paris Nanterre, Paris<\/td><\/tr><tr><td class=\"has-text-align-left\" data-align=\"left\">BOUYRAT Yann<\/td><td>France&nbsp;<\/td><td>Histoire et g\u00e9opolitique<\/td><td>Histoire contemporaine du Liban, politique fran\u00e7ais au Proche Orient, ing\u00e9rence humanitaire au XIXe et XXe; les guerres balkaniques<\/td><td><a href=\"mailto:ybouyrat@yahoo.com\">ybouyrat@yahoo.com<\/a><\/td><td>Universit\u00e9 Catholique de l\u2019Ouest, Angers<\/td><\/tr><tr><td class=\"has-text-align-left\" data-align=\"left\">CATEUX Aline<\/td><td>Belgique<\/td><td>Anthropologie, sciences politiques et science sociales<\/td><td>Bosnie-Herz\u00e9govie, violence urbaine, m\u00e9moires partag\u00e9es, m\u00e9moires concurrentes<\/td><td><a href=\"mailto:aline.cateux@gmail.com\">aline.cateux@gmail.com<\/a><\/td><td>Universit\u00e9 catholique de Louvain-la-Neuve, Louvain-la-Neuve<\/td><\/tr><tr><td class=\"has-text-align-left\" data-align=\"left\">CANAL Jordi<\/td><td>Espagne<\/td><td>Histoire contemporaine<\/td><td>Guerre civile, Espagne, Catalogne, d\u00e9mocratie, Ind\u00e9pendance, Franco, lib\u00e9ralisme, anti-lib\u00e9ralisme, XXe, Europe du Sud, carlisme<\/td><td><a href=\"mailto:jordi.canal@ehess.fr\">jordi.canal@ehess.fr<\/a><\/td><td>EHESS, Paris<\/td><\/tr><tr><td class=\"has-text-align-left\" data-align=\"left\">CHATTU Mounira<\/td><td>France<\/td><td>Litt\u00e9rature francophone<\/td><td>Litt\u00e9rature postcoloniale, identit\u00e9, francophonie, postcolonialisme, orientalisme, histoire, violence, colonisation, m\u00e9moire collective, engagement<\/td><td><a href=\"mailto:mounira.chatti02@univ-paris8.fr\">mounira.chatti02@univ-paris8.fr<\/a>&nbsp;&nbsp;<\/td><td>Universit\u00e9 Paris 8, Paris<\/td><\/tr><tr><td class=\"has-text-align-left\" data-align=\"left\">CONSTANT Jean-Marie<\/td><td>France<\/td><td>Histoire moderne<\/td><td>R\u00e9volution fran\u00e7aise, guerres de religion fran\u00e7aise (XVIe), Grande Bretagne, Henri II, Clerg\u00e9 r\u00e9fractaire, M\u0153urs et coutumes<\/td><td><a href=\"mailto:Jean-Marie.constant5@orange.fr\">Jean-Marie.constant5@orange.fr<\/a>&nbsp;<\/td><td>Universit\u00e9 du Maine, Le Mans<\/td><\/tr><tr><td class=\"has-text-align-left\" data-align=\"left\">CHRISTIN Olivier<\/td><td>France, Suisse<\/td><td>Histoire moderne&nbsp;<\/td><td>Histoire religieuse, croyances, spiritualit\u00e9s, religion et politique<\/td><td><a href=\"mailto:olivier.christin@unine.ch\">olivier.christin@unine.ch<\/a>&nbsp;<\/td><td>Universit\u00e9 de Neufch\u00e2tel, Neufch\u00e2tel<\/td><\/tr><tr><td class=\"has-text-align-left\" data-align=\"left\">DE CHARANTENAY Alice<\/td><td>France<\/td><td>Litt\u00e9rature Fran\u00e7aise&nbsp;<\/td><td>Litt\u00e9rature, domestique, sociocritique, travail, femmes, roman<\/td><td><a href=\"mailto:Alice.De-Charentenay@univ-paris1.fr\">Alice.De-Charentenay@univ-paris1.fr<\/a>&nbsp;<\/td><td>Universit\u00e9 Paris 1 Panth\u00e9on-Sorbonne, Paris<\/td><\/tr><tr><td class=\"has-text-align-left\" data-align=\"left\">DALEX Fran\u00e7oise<\/td><td>France<\/td><td>Mus\u00e9ologie\/Histoire de l\u2019art<\/td><td>Politiques culturelles, mus\u00e9es, patrimoine<\/td><td><a href=\"mailto:francoise.dalex@louvre.fr\">francoise.dalex@louvre.fr<\/a>&nbsp;<\/td><td>Mus\u00e9e du Louvre, Paris<\/td><\/tr><tr><td class=\"has-text-align-left\" data-align=\"left\">DARMANGEAT Christophe<\/td><td>France<\/td><td>Anthropologie<\/td><td>Guerres et conflits arm\u00e9s, \u00e9volution sociale et mat\u00e9rialisme historique, th\u00e9orie \u00e9conomique marxiste, in\u00e9galit\u00e9s<\/td><td><a href=\"mailto:christophe.darmangeat@u-paris.fr\">christophe.darmangeat@u-paris.fr<\/a> ou<br><a href=\"mailto:cdarmangeat@gmail.com\">cdarmangeat@gmail.com<\/a><\/td><td>Universit\u00e9 Paris Cit\u00e9, Paris<\/td><\/tr><tr><td class=\"has-text-align-left\" data-align=\"left\">DAVION Isabelle<\/td><td>France<\/td><td>Histoire contemporaine<\/td><td>Relations internationales, Europe, XXe si\u00e8cle<\/td><td><a href=\"mailto:isabelle.davion@sorbonne-universite.fr\">isabelle.davion@sorbonne-universite.fr<\/a> ou <a href=\"mailto:idavion@free.fr\">idavion@free.fr<\/a>&nbsp;<\/td><td>Universit\u00e9 Sorbonne, Paris<\/td><\/tr><tr><td class=\"has-text-align-left\" data-align=\"left\">DE KONINCK Ralph<\/td><td>Belgique<\/td><td>Histoire de l\u2019art<\/td><td>Cultural studies, iconographie biblique, soci\u00e9t\u00e9, culture, historiographie, ordres mendiants<\/td><td><a href=\"mailto:ralph.dekoninck@uclouvain.be\">ralph.dekoninck@uclouvain.be<\/a>&nbsp;<\/td><td>Universit\u00e9 catholique de Louvain, Louvain<\/td><\/tr><tr><td class=\"has-text-align-left\" data-align=\"left\">DELUERMOZ Quentin<\/td><td>France<\/td><td>Histoire contemporaine<\/td><td>Changement de r\u00e9gime, d\u00e9cision politique, culture politique, histoire sociale, d\u00e9cision critique, XIXe, parlementaires<\/td><td><a href=\"mailto:Quentin.deluermoz@gmail.com\">Quentin.deluermoz@gmail.com<\/a>&nbsp;<\/td><td>Universit\u00e9 Paris Cit\u00e9, Paris<\/td><\/tr><tr><td class=\"has-text-align-left\" data-align=\"left\">DORRONSORO Gilles<\/td><td>France<\/td><td>Sciences politiques<\/td><td>Partis politiques, Syrie, militantisme, politique et gouvernement, guerre civile, islam et politique, diplomatie, sociologie historique<\/td><td><a href=\"mailto:Gilles.Dorronsoro@univ-paris1.fr\">Gilles.Dorronsoro@univ-paris1.fr<\/a>&nbsp;<\/td><td>Universit\u00e9 Paris 1 Panth\u00e9on-Sorbonne, Paris<\/td><\/tr><tr><td class=\"has-text-align-left\" data-align=\"left\">DOWNS Gregory<\/td><td>USA<\/td><td>Histoire<\/td><td>Guerre civile, reconstruction, Etats-Unis, XIXe, \u00e9mancipation, Am\u00e9rique du Sud<\/td><td><a href=\"mailto:gdowns@ucdavis.edu\">gdowns@ucdavis.edu<\/a>&nbsp;<\/td><td>Universit\u00e9 de Californie, Davis<\/td><\/tr><tr><td class=\"has-text-align-left\" data-align=\"left\">DUFLO Cola<\/td><td>France<\/td><td>Philosophie<\/td><td>Esth\u00e9tique, XVIIIe si\u00e8cle, Diderot<\/td><td><a href=\"mailto:cduflo@parisnanterre.fr\">cduflo@parisnanterre.fr<\/a>&nbsp;<\/td><td>Universit\u00e9&nbsp; Paris Nanterre, Paris<\/td><\/tr><tr><td class=\"has-text-align-left\" data-align=\"left\">DUCH\u00caNE Pauline<\/td><td>France<\/td><td>Histoire contemporaine<\/td><td>M\u00e9moire, histoire culturelle, politiques m\u00e9morielles<\/td><td><a href=\"mailto:duchene.pauline@parisnanterre.fr\">duchene.pauline@parisnanterre.fr<\/a><\/td><td>Universit\u00e9 Paris Nanterre, Paris<\/td><\/tr><tr><td class=\"has-text-align-left\" data-align=\"left\">DUMAS H\u00e9l\u00e8ne<\/td><td>France<\/td><td>Histoire<\/td><td>G\u00e9nocide des Tutsi, justice, crime contre l\u2019Humanit\u00e9 et proc\u00e8s, m\u00e9moire, t\u00e9moignage, origines, r\u00e9cits personnels, comm\u00e9moration, m\u00e9moriaux, politique de m\u00e9moire, violences de masse, France, Rwanda, crime intime, Gacaca, origines<\/td><td><a href=\"mailto:cespra@ehess.fr\">cespra@ehess.fr<\/a> ou <a href=\"mailto:helene.dumas@ehess.fr\">helene.dumas@ehess.fr<\/a>&nbsp;&nbsp;<\/td><td>EHESS, Paris<\/td><\/tr><tr><td class=\"has-text-align-left\" data-align=\"left\">DUPONT Alexandre<\/td><td>France<\/td><td>Histoire contemporaine<\/td><td>Internationale politique, L\u00e9gitimisme, pratiques politiques, contre-r\u00e9volution, politisation, socialisme, Premi\u00e8re Guerre mondiale, libert\u00e9 d\u2019information, pratiques politiques<\/td><td><a href=\"https:\/\/arche.unistra.fr\/equipe\/membres-titulaires\/alexandre-dupont\/\">alexandre.dupont@unistra.fr<\/a><\/td><td>Universit\u00e9 de Strasbourg, Strasbourg<\/td><\/tr><tr><td class=\"has-text-align-left\" data-align=\"left\">LEICHTER-FLACK Fr\u00e9d\u00e9rique<\/td><td>France<\/td><td>Philosophie morale<\/td><td>Ethique, vuln\u00e9rabilit\u00e9, morale<\/td><td><a href=\"mailto:frederique.leichterflack@sciencespo.fr\">frederique.leichterflack@sciencespo.fr<\/a><\/td><td>Sciences Po, Paris<\/td><\/tr><tr><td class=\"has-text-align-left\" data-align=\"left\">GAINOT Bernard<\/td><td>France<\/td><td>Histoire moderne<\/td><td>Histoire militaire, renseignement militaire,  reconnaissance, esclavage, d\u00e9p\u00f4t de la guerre, Grande Arm\u00e9e, Culture d\u2019armes<\/td><td><a href=\"mailto:bgainot@orange.fr\">bgainot@orange.fr<\/a> &nbsp;<\/td><td>Universit\u00e9 Paris 1 Panth\u00e9on-Sorbonne, Paris<\/td><\/tr><tr><td class=\"has-text-align-left\" data-align=\"left\">GOBILLE Boris<\/td><td>France<\/td><td>Politiste<\/td><td>Pens\u00e9e politique et sociale, crises politiques, histoire et sociologie, histoire sociale des id\u00e9es politiques, r\u00e9volution, affiches politiques, XXe si\u00e8cle<\/td><td><a href=\"mailto:Boris.gobille@ens-lyon.fr\">Boris.gobille@ens-lyon.fr<\/a>&nbsp;<\/td><td>ENS, Lyon<\/td><\/tr><tr><td class=\"has-text-align-left\" data-align=\"left\">GODICHEAU Fran\u00e7ois<\/td><td>France<\/td><td>Histoire<\/td><td>Espagne, genre, France, XIXe, XXe, mouvements sociaux, r\u00e9fugi\u00e9s espagnols, justice, \u00e9conomie politique, m\u00e9moire collective, Histoire des id\u00e9es politiques, lien social, droit d\u2019Ancien R\u00e9gime, d\u00e9mocratisation, constitutionnalisme, Argentine<\/td><td><a href=\"mailto:francois.godicheau@univ-tlse2.fr\">francois.godicheau@univ-tlse2.fr<\/a>&nbsp;<\/td><td>Universit\u00e9 Toulouse Jean Jaur\u00e8s, Toulouse<\/td><\/tr><tr><td class=\"has-text-align-left\" data-align=\"left\">GRANG\u00c9 Ninon<\/td><td>France<\/td><td>Philosophie<\/td><td>Philosophie du droit, guerre, crise, \u00e9tat d\u2019exception, critique des formes et des normes, temporalit\u00e9s sociales et politique<\/td><td><a href=\"mailto:ninon.grange@univ-paris8.fr\">ninon.grange@univ-paris8.fr<\/a>&nbsp;<\/td><td>Universit\u00e9 Paris 8, Paris<\/td><\/tr><tr><td class=\"has-text-align-left\" data-align=\"left\">HOLTZ Gr\u00e9goire<\/td><td>France<\/td><td>Litt\u00e9rature<\/td><td>Litt\u00e9rature et histoire, humanisme, Ligue, guerres de Religion<\/td><td><a href=\"mailto:gregoire.Eholtz@uvsq.fr\">gregoire.holtz@uvsq.fr<\/a>&nbsp;<\/td><td>UVSQ, Versailles<\/td><\/tr><tr><td class=\"has-text-align-left\" data-align=\"left\">HOREL Catherine<\/td><td>France<\/td><td>Histoire contemporaine<\/td><td>Europe centrale, nationalismes, historiographie<\/td><td><a href=\"mailto:catherine.horel@ehess.fr\">catherine.horel@ehess.fr<\/a>&nbsp;<\/td><td>EHESS, Paris<\/td><\/tr><tr><td class=\"has-text-align-left\" data-align=\"left\">JEAN-PIERRE Laurent<\/td><td>France<\/td><td>Sociologie<\/td><td>Aspect politique, philosophie politique, politique culturelle, totalitarisme, mouvements sociaux, diplomatie culturelle, politisation, communisme, n\u00e9olib\u00e9ralisme<\/td><td><a href=\"mailto:laurentjeanpierre0@gmail.com\">laurentjeanpierre0@gmail.com<\/a>&nbsp;<\/td><td>Universit\u00e9 Paris 1 Panth\u00e9on Sorbonne, Paris<\/td><\/tr><tr><td class=\"has-text-align-left\" data-align=\"left\">JOURDAIN \u00c9douard<\/td><td>France<\/td><td>Sciences politiques<\/td><td>Pens\u00e9e de Pierre-Joseph Proudhon, anarchisme, communs, th\u00e9ologico-politique, conflits, \u00e9conomie<\/td><td><a href=\"mailto:edouardjourdain@hotmail.com\">edouardjourdain@hotmail.com<\/a>&nbsp;<\/td><td>Universit\u00e9 catholique de l\u2019Ouest, Nantes<\/td><\/tr><tr><td class=\"has-text-align-left\" data-align=\"left\">KARSENTI&nbsp; Tiphaine<\/td><td>France<\/td><td>\u00c9tudes th\u00e9\u00e2trales<\/td><td>Subjectivit\u00e9, \u00e9criture contemporaine<\/td><td><a href=\"mailto:tkarsenti@parisnanterre.fr\">tkarsenti@parisnanterre.fr<\/a>&nbsp;<\/td><td>Universit\u00e9 Paris Nanterre, Paris<\/td><\/tr><tr><td class=\"has-text-align-left\" data-align=\"left\">(de) KERANGAT Zo\u00e9<\/td><td>France, Espagne<\/td><td>Histoire contemporaine<\/td><td>M\u00e9moire, transition espagnole, r\u00e9pression franquiste, exhumation<\/td><td><a href=\"mailto:zoe.kerangat@gmail.com\">zoe.kerangat@gmail.com<\/a>&nbsp;<\/td><td>Universidad Nacional de Educaci\u00f3n a Distancia (UNED)<\/td><\/tr><tr><td class=\"has-text-align-left\" data-align=\"left\">KORMAN R\u00e9mi<\/td><td>France<\/td><td>Histoire contemporaine<\/td><td>Comm\u00e9moration, g\u00e9nocide des tutsi, m\u00e9moriaux, politique de m\u00e9moire, Rwanda, m\u00e9moriaux<\/td><td><a href=\"mailto:remi.korman@ehess.fr\">remi.korman@ehess.fr<\/a>&nbsp;<\/td><td>Universit\u00e9 catholique de l\u2019Ouest, Angers<\/td><\/tr><tr><td class=\"has-text-align-left\" data-align=\"left\">LYON-CAEN Judith<\/td><td>France<\/td><td>Histoire contemporaine<\/td><td>Histoire culturelle, justice, \u00e9criture<\/td><td><a href=\"mailto:judith.lyon-caen@ehess.fr\">judith.lyon-caen@ehess.fr<\/a>&nbsp;<\/td><td>EHESS, Paris<\/td><\/tr><tr><td class=\"has-text-align-left\" data-align=\"left\">MAGNIEN Agn\u00e8s<\/td><td>France<\/td><td>Archives\/Audiovisuel<\/td><td>INA, Archives, audiovisuelles, m\u00e9moire m\u00e9diatique<\/td><td><a href=\"mailto:agnes.magnien@ina.fr\">agnes.magnien@ina.fr<\/a>&nbsp;<\/td><td>INA -Institut National de l\u2019Audiovisuel<\/td><\/tr><tr><td class=\"has-text-align-left\" data-align=\"left\">MARTINEZ-GALLEGO Frances Andreu<\/td><td>Espagne<\/td><td>Etudes Hispano-am\u00e9ricaines<\/td><td>Transition d\u00e9mocratique, repr\u00e9sentations historiques, m\u00e9moire sociale, usages publics de l\u2019histoire, m\u00e9moire collective, identit\u00e9 collective, m\u00e9dias et histoire, guerre civile espagnole<\/td><td><a href=\"mailto:francesc.martinez@uv.es\">francesc.martinez@uv.es<\/a>&nbsp;<\/td><td>Universit\u00e9 de Valence, Espagne<\/td><\/tr><tr><td class=\"has-text-align-left\" data-align=\"left\">MARTINEZ-GROS Gabriel<\/td><td>France<\/td><td>Histoire<\/td><td>Islam, guerre, empire islamique, arts et sciences militaires, Orient et Occident, guerre civile<\/td><td><a href=\"mailto:gabriel.martinezgros@u-paris10.fr\">gabriel.martinezgros@u-paris10.fr<\/a>&nbsp;<\/td><td>Universit\u00e9 Paris 1 Panth\u00e9on-Sorbonne, Paris<\/td><\/tr><tr><td class=\"has-text-align-left\" data-align=\"left\">MARZANO Michela&nbsp;<\/td><td>France, Italie<\/td><td>philosophie<\/td><td>Violence, politique, victime, soci\u00e9t\u00e9 civile espagnole, d\u00e9mocratie espagnole, lib\u00e9ralisme, identit\u00e9, Hannah Arendt<\/td><td><a href=\"mailto:michela.marzano@parisdescartes.fr\">michela.marzano@parisdescartes.fr<\/a>&nbsp;<\/td><td>CNRS et Universit\u00e9 Paris 13, Paris<\/td><\/tr><tr><td class=\"has-text-align-left\" data-align=\"left\">MEIER Daniel<\/td><td>France, Suisse<\/td><td>Sociologie politique<\/td><td>Fronti\u00e8res identitaires, espaces territoriaux et frontaliers du Moyen-Orient, Liban, identit\u00e9 d\u2019apr\u00e8s guerre, Mondes Arabes<\/td><td><a href=\"mailto:daniel.meier@iued.unige.ch\">daniel.meier@iued.unige.ch<\/a>&nbsp;<\/td><td>Science Po Grenoble, Global Studies Institute de Gen\u00e8ve<\/td><\/tr><tr><td class=\"has-text-align-left\" data-align=\"left\">MICHONNEAU St\u00e9phane<\/td><td>France<\/td><td>Histoire contemporaine<\/td><td>Histoire et m\u00e9moire, identit\u00e9, Espagne, historiographie, immigration, mythes nationaux, mythes politiques, Madrid, XXe, guerre d&#8217;Ind\u00e9pendance espagnole, si\u00e8ges, nationalisme<\/td><td><a href=\"mailto:stephane.michonneau@u-pec.fr\">stephane.michonneau@u-pec.fr<\/a>&nbsp;<\/td><td>Universit\u00e9 Paris-Est Cr\u00e9teil, Paris<\/td><\/tr><tr><td class=\"has-text-align-left\" data-align=\"left\">NO\u00c9 Jean-Baptiste&nbsp;<\/td><td>France<\/td><td>Histoire, \u00e9conomie<\/td><td>G\u00e9opolitique, \u00e9conomique politique, Vatican, guerre civile, situation fiscale, criminalit\u00e9s<\/td><td><a href=\"mailto:jeanbaptiste@revueconflits.com\">jeanbaptiste@revueconflits.com<\/a>&nbsp;<\/td><td>Ircom, Lyon<\/td><\/tr><tr><td class=\"has-text-align-left\" data-align=\"left\">MINGOUS Gautier<\/td><td>France<\/td><td>Histoire moderne<\/td><td>D\u00e9sinformation, pouvoir, guerres de religion, gouvernance, communication<\/td><td><a href=\"mailto:gautier.mingous@gmail.com\">gautier.mingous@gmail.com<\/a>&nbsp;<\/td><td>Universit\u00e9 Lumi\u00e8re Lyon 2, Lyon<\/td><\/tr><tr><td class=\"has-text-align-left\" data-align=\"left\">PALIERAKI Eug\u00e9nie&nbsp;<\/td><td>France<\/td><td>Histoire<\/td><td>R\u00e9volutionnaires, r\u00e9pression politique, violence politique, culture politique, histoire transnationale, partis politiques au Chili, politique et gouvernement au Chili<\/td><td><a href=\"mailto:Eugenia.palieraki@u-cergy.fr\">Eugenia.palieraki@u-cergy.fr<\/a>&nbsp;<\/td><td>Universit\u00e9 Cergy-Pontoise, Paris<\/td><\/tr><tr><td class=\"has-text-align-left\" data-align=\"left\">PAUTHIER C\u00e9line<\/td><td>France<\/td><td>Histoire contemporaine<\/td><td>Ind\u00e9pendance, anticolonialisme, nationalisme, citoyennet\u00e9, mouvements sociaux, r\u00e9volution, violences politiques, exil, d\u00e9bats m\u00e9moriels, politiques culturelles, guerre froide, Afrique de l\u2019ouest, Guin\u00e9e, XXe, exil, diplomatie<\/td><td><a href=\"mailto:Celine.Pauthier@univ-nantes.fr\">Celine.Pauthier@univ-nantes.fr<\/a>&nbsp;<\/td><td>Universit\u00e9 de Nantes, Nantes<\/td><\/tr><tr><td class=\"has-text-align-left\" data-align=\"left\">PEREKHODA Hanna<\/td><td>Suisse<\/td><td>Sciences politiques<\/td><td>Empire, militantisme, mouvement ouvrier, nationalisme, Russie et Union Sovi\u00e9tique, Ukraine, usages publics de l\u2019histoire<\/td><td><a href=\"mailto:Hanna.Perekhoda@unil.ch\">Hanna.Perekhoda@unil.ch<\/a>&nbsp;<\/td><td>Universit\u00e9 de Lausanne (UNIL), Lausanne<\/td><\/tr><tr><td class=\"has-text-align-left\" data-align=\"left\">PERNOT Denis<\/td><td>France<\/td><td>Litt\u00e9rature Fran\u00e7aise<\/td><td>Litt\u00e9rature et politique, XIXe si\u00e8cle, Romantisme<\/td><td><a href=\"mailto:denis.pernot2@wanadoo.fr\">denis.pernot2@wanadoo.fr<\/a>&nbsp;<\/td><td>Universit\u00e9 Sorbonne Paris Nord, Paris<\/td><\/tr><tr><td class=\"has-text-align-left\" data-align=\"left\">REALI Maria Laura<\/td><td>France<\/td><td>Histoire et civilisation<\/td><td>Constructions identitaires, histoire, m\u00e9moires, traditions, r\u00e9gimes \u00e9motionnels, \u00e9tablissement de r\u00e9seaux intellectuels, discours politiques<\/td><td><a href=\"mailto:reali.laura@googlemail.com\">reali.laura@googlemail.com<\/a>&nbsp;<\/td><td>Universit\u00e9 Paris Cit\u00e9, Paris<\/td><\/tr><tr><td class=\"has-text-align-left\" data-align=\"left\">RIBARD Dinah<\/td><td>France<\/td><td>Histoire\/Litt\u00e9rature<\/td><td>Pratiques d\u2019\u00e9criture, auteurs du XVIIe &#8211; XVIIIe<\/td><td><a href=\"mailto:dinah.ribard@ehess.fr\">dinah.ribard@ehess.fr<\/a>&nbsp;<\/td><td>EHESS, Paris<\/td><\/tr><tr><td class=\"has-text-align-left\" data-align=\"left\">RODIER Yann<\/td><td>France<\/td><td>Histoire contemporaine et moderne<\/td><td>Histoire des passions, absolutisme, pol\u00e9mique, haine, x\u00e9nophobie, histoire des pratiques discursives, guerres civiles, violence<\/td><td><a href=\"mailto:Yann.rodier@sorbonne.ae\">Yann.rodier@sorbonne.ae<\/a>&nbsp;<\/td><td>Universit\u00e9 la Sorbonne, Abu Dhabi<\/td><\/tr><tr><td class=\"has-text-align-left\" data-align=\"left\">ROGAN Esther<\/td><td>France<\/td><td>Philosophie, Sciences politiques<\/td><td>Philosophie politique, Discorde, s\u00e9dition, guerre civile, crise, exp\u00e9rimentations p\u00e9dagogiques<\/td><td><a href=\"mailto:esther.rogan@sciencespo.fr\">esther.rogan@sciencespo.fr<\/a>&nbsp;<\/td><td>Sciences po, Paris<\/td><\/tr><tr><td class=\"has-text-align-left\" data-align=\"left\">ROLLAND BOULLESTREAU Anne<\/td><td>France<\/td><td>Histoire moderne<\/td><td>Guerre civile, contre r\u00e9volution, r\u00e9volution, reconstruction, violences et guerre civile, paix et pacification, France de l\u2019Ancien R\u00e9gime<\/td><td><a href=\"mailto:Anne.ROLLAND@uca.fr\">Anne.ROLLAND@uca.fr<\/a> &nbsp;<\/td><td>Universit\u00e9 Catholique de l\u2019Ouest, Angers<\/td><\/tr><tr><td class=\"has-text-align-left\" data-align=\"left\">SALMON MONVIOLA Olivia<\/td><td>France<\/td><td>Etudes hispaniques<\/td><td>Diaspora et m\u00e9moire, association m\u00e9morielle de la R\u00e9publique espagnole, communication et productions culturelles, civilisations<\/td><td><a href=\"mailto:Olivia.SALMON_MONVIOLA@uca.fr\">Olivia.SALMON_MONVIOLA@uca.fr<\/a>&nbsp;<\/td><td>Universit\u00e9 Clermont-Auvergne, Clermont-Ferrand<\/td><\/tr><tr><td class=\"has-text-align-left\" data-align=\"left\">SCHAPIRA Nicolas<\/td><td>France<\/td><td>Histoire moderne<\/td><td>Pratique de l\u2019\u00e9criture, XVIIe si\u00e8cle<\/td><td><a href=\"mailto:nschapira@parisnanterre.fr\">nschapira@parisnanterre.fr<\/a>&nbsp;<\/td><td>Universit\u00e9 Paris Nanterre, Paris<\/td><\/tr><tr><td class=\"has-text-align-left\" data-align=\"left\">SCHULZ Matthias<\/td><td>France<\/td><td>Histoire contemporaine<\/td><td>Organisations internationales, diplomatie, Premi\u00e8re Guerre mondiale, guerre froide, humanitaire, guerre civile, famine, croix-rouge, histoire des relations internationales&nbsp;<\/td><td><a href=\"mailto:Matthias.Schulz@unige.ch\">Matthias.Schulz@unige.ch<\/a>&nbsp;<\/td><td>Universit\u00e9 de Gen\u00e8ve, Gen\u00e8ve<\/td><\/tr><tr><td class=\"has-text-align-left\" data-align=\"left\">SERVOISE Sylvie<\/td><td>France<\/td><td>Litt\u00e9rature Compar\u00e9e<\/td><td>R\u00e9cit, fiction politique, politique et litt\u00e9rature, autorit\u00e9, autoritarisme, litt\u00e9rature contemporaine, litt\u00e9rature engag\u00e9e<\/td><td><a href=\"mailto:Sylvie.Servoise@univ-lemans.fr\">Sylvie.Servoise@univ-lemans.fr<\/a> &nbsp;<\/td><td>Le Mans Universit\u00e9, Le Mans&nbsp;<\/td><\/tr><tr><td class=\"has-text-align-left\" data-align=\"left\">SILVE Arthur<\/td><td>Canada<\/td><td>\u00c9conomie<\/td><td>\u00c9lites, conflits, transition politique, d\u00e9mocratie, aspects politiques&nbsp;&nbsp;<\/td><td><a href=\"mailto:Arthur.silve@ecn.ulaval.ca\">Arthur.silve@ecn.ulaval.ca<\/a>&nbsp;<\/td><td>Universit\u00e9 Laval, Canada&nbsp;<\/td><\/tr><tr><td class=\"has-text-align-left\" data-align=\"left\">SOTTOCASA Val\u00e9rie<\/td><td>France<\/td><td>Histoire moderne et contemporaine<\/td><td>R\u00e9volution, politisation, aspect politique &amp; historiographie, fronti\u00e8re&nbsp;<\/td><td><a href=\"mailto:valerie.sottocasa@univ-tlse2.fr\">valerie.sottocasa@univ-tlse2.fr<\/a> &nbsp;<\/td><td>Universit\u00e9 Toulouse 2 Jean-Jaur\u00e8s, Toulouse<\/td><\/tr><tr><td class=\"has-text-align-left\" data-align=\"left\">TANNIOU Florence<\/td><td>France<\/td><td>Litt\u00e9rature de Moyen \u00c2ge<\/td><td>Prose m\u00e9di\u00e9vale, historiographie m\u00e9di\u00e9vale<\/td><td><a href=\"mailto:florence.tanniou@gmail.com\">florence.tanniou@gmail.com<\/a>&nbsp;<\/td><td>Universit\u00e9 Paris Nanterre, Paris<\/td><\/tr><tr><td class=\"has-text-align-left\" data-align=\"left\">TAZDA\u00cfT Tarik<\/td><td>France<\/td><td>\u00c9conomie&nbsp;<\/td><td>N\u00e9gociations climatiques, dilemmes sociaux, vote, conformisme, r\u00e9\u00e9lection, participation des citoyens&nbsp;<\/td><td><a href=\"mailto:Tarik.tazdait@cnrs.fr\">Tarik.tazdait@cnrs.fr<\/a>&nbsp;<\/td><td>CIRED, Paris<\/td><\/tr><tr><td class=\"has-text-align-left\" data-align=\"left\">TRAVERSO Enzo<\/td><td>Etats-Unis<\/td><td>Histoire<\/td><td>T\u00e9moignage, histoire culturelle, g\u00e9nocide, litt\u00e9rature testimoniale, crime contre l\u2019humanit\u00e9, violence politique,&nbsp; litt\u00e9rature et histoire, reconstruction<\/td><td><a href=\"mailto:vt225@cornell.edu\">vt225@cornell.edu<\/a>&nbsp;<\/td><td>Universit\u00e9 de Cornell, Etats-Unis<\/td><\/tr><tr><td class=\"has-text-align-left\" data-align=\"left\">TRIBOUT Bruno<\/td><td>France&nbsp;<\/td><td>Litt\u00e9rature fran\u00e7aise et compar\u00e9e<\/td><td>Conspirations politiques, r\u00e9volutions temporelles, XVIIe, liens entre histoire, litt\u00e9rature et politique<\/td><td><a href=\"mailto:b.tribout@abdn.ac.uk\">b.tribout@abdn.ac.uk<\/a>&nbsp;<\/td><td>Universit\u00e9 d\u2019Aberdeen, Angleterre<\/td><\/tr><tr><td class=\"has-text-align-left\" data-align=\"left\">TRICOIRE Damien<\/td><td>France, Allemagne<\/td><td>Histoire<\/td><td>Histoire coloniale, histoire religieuse, histoire culturelle, histoire compar\u00e9e, influence de la religion sur la politique<\/td><td><a href=\"mailto:tricoire@uni-trier.de\">tricoire@uni-trier.de<\/a>&nbsp;<\/td><td>Universit\u00e9 de Trier, Allemagne<\/td><\/tr><tr><td class=\"has-text-align-left\" data-align=\"left\">TSIMBIDY Myriam<\/td><td>France<\/td><td>Litt\u00e9rature Fran\u00e7aise<\/td><td>Rapports histoire\/fiction, m\u00e9moires, correspondances, litt\u00e9rature jeunesse, r\u00e9cit initiatique, mythe et mythologie<\/td><td><a href=\"mailto:myriam.tsimbidy@u-bordeaux-montaigne.fr\">myriam.tsimbidy@u-bordeaux-montaigne.fr<\/a><\/td><td>Universit\u00e9 Bordeaux Montaigne, Bordeaux<\/td><\/tr><tr><td class=\"has-text-align-left\" data-align=\"left\">VAILLANT Alain<\/td><td>France<\/td><td>Litt\u00e9rature Fran\u00e7aise<\/td><td>XIXe si\u00e8cle, romantisme, histoire litt\u00e9raire, po\u00e9sie<\/td><td><a href=\"mailto:alaingp.vaillant@gmail.com\">alaingp.vaillant@gmail.com<\/a>&nbsp;<\/td><td>Universit\u00e9 Paris Nanterre, Paris<\/td><\/tr><tr><td class=\"has-text-align-left\" data-align=\"left\">VERGNES Sophie<\/td><td>France<\/td><td>Histoire<\/td><td>Femmes et pouvoir, fronde, Aristocratie, f\u00e9minisme (aspect politique), pouvoir<\/td><td><a href=\"mailto:vergnes.so@gmail.com\">vergnes.so@gmail.com<\/a><\/td><td>Professeur d\u2019Histoire-G\u00e9ographie, Toulouse<\/td><\/tr><tr><td class=\"has-text-align-left\" data-align=\"left\">VIART Dominique<\/td><td>France<\/td><td>Litt\u00e9rature contemporaine<\/td><td>R\u00e9cit contemporain, autofiction, m\u00e9moire, litt\u00e9rature fran\u00e7aise<\/td><td><a href=\"mailto:dominique.viart@parisnanterre.fr\">dominique.viart@parisnanterre.fr<\/a>&nbsp;<\/td><td>Universit\u00e9 Paris Nanterre, Paris<\/td><\/tr><tr><td class=\"has-text-align-left\" data-align=\"left\">VYT Christophe<\/td><td>France<\/td><td>Histoire<\/td><td>Seconde Guerre Mondiale, religions et croyances, territoires, environnement, sant\u00e9, guerres de religion, r\u00e9forme protestante<\/td><td><a href=\"mailto:christophe.vyt@univ-grenoble-alpes.fr\">christophe.vyt@univ-grenoble-alpes.fr<\/a>&nbsp;<\/td><td>Doctorant Universit\u00e9 Grenoble-Alpes et enseignant vacataire Universit\u00e9 Lyon 3<\/td><\/tr><tr><td class=\"has-text-align-left\" data-align=\"left\">WAHNICH Sophie<\/td><td>France<\/td><td>Histoire et sciences politiques<\/td><td>Terrorisme, politique, violences politiques, souverainet\u00e9, r\u00e9volution fran\u00e7aise, \u00e9motion politique, institutions, id\u00e9ologies<\/td><td><a href=\"mailto:Sophie.Wahnich@univ-grenoble-alpes.fr\">Sophie.Wahnich@univ-grenoble-alpes.fr<\/a>&nbsp;<\/td><td>CNRS, Universit\u00e9 Paris 1 Panth\u00e9on-Sorbonne, Paris<\/td><\/tr><tr><td class=\"has-text-align-left\" data-align=\"left\">YUSTA RODRIGO Mercedes<\/td><td>Espagne, France<\/td><td>Histoire contemporaine<\/td><td>R\u00e9sistance antifasciste en Espagne et en Europe (1936-1945), organisation f\u00e9minine et f\u00e9ministe au XXe, m\u00e9moire des violences politiques et des dictatures du XXe en Europe et en Am\u00e9rique latine<\/td><td><a href=\"mailto:mercedes.yusta@univ-paris8.fr\">mercedes.yusta@univ-paris8.fr<\/a>&nbsp;<\/td><td>Universit\u00e9 Paris 8, Paris<\/td><\/tr><tr><td class=\"has-text-align-left\" data-align=\"left\">ZARD Philippe<\/td><td>France<\/td><td>Litt\u00e9rature compar\u00e9e<\/td><td>T\u00e9moignage, Shoah, litt\u00e9rature europ\u00e9enne, m\u00e9moire<\/td><td>\u00a0<a href=\"mailto:philippe.zard@parisnanterre.fr\">philippe.zard@parisnanterre.fr<\/a><\/td><td>Universit\u00e9 Paris Nanterre, Paris<\/td><\/tr><\/tbody><\/table><\/figure>\n\n\n\n<p><\/p>\n","protected":false},"excerpt":{"rendered":"<p>Nom Pays Domaine Mots-cl\u00e9s Mail Universit\u00e9 et ville d\u2019enseignement ALARDIN Gary France Histoire moderne Mercenaires, guerre de Religion, allemands, suisses gary.alardin@edu.univ-fcomte.fr Universit\u00e9 de Franche-Comt\u00e9, Besan\u00e7on ALARY Viviane France Etudes Hispaniques Franquisme, Espagne, Globalisation, Diaspora, M\u00e9moire, Litt\u00e9rature postcoloniale, contre-culture, identit\u00e9, histoire&nbsp; Viviane.ALARY@uca.fr Universit\u00e9 Blaise Pascal, Clermont-Ferrand ANDRE MARC France Histoire contemporaine Immigration, guerre d\u2019Alg\u00e9rie, m\u00e9moire, violence,&#8230;<\/p>\n","protected":false},"author":7,"featured_media":283,"parent":0,"menu_order":0,"comment_status":"closed","ping_status":"closed","template":"","meta":{"_kad_blocks_custom_css":"","_kad_blocks_head_custom_js":"","_kad_blocks_body_custom_js":"","_kad_blocks_footer_custom_js":"","_kad_post_transparent":"","_kad_post_title":"","_kad_post_layout":"","_kad_post_sidebar_id":"","_kad_post_content_style":"","_kad_post_vertical_padding":"","_kad_post_feature":"","_kad_post_feature_position":"","_kad_post_header":false,"_kad_post_footer":false,"footnotes":""},"class_list":["post-282","page","type-page","status-publish","has-post-thumbnail","hentry"],"taxonomy_info":[],"featured_image_src_large":["https:\/\/memostasis.parisnanterre.fr\/wp-content\/uploads\/2026\/01\/Viet-nam-radio-1024x576.jpg",1024,576,true],"author_info":{"display_name":"GBolzinger","author_link":"https:\/\/memostasis.parisnanterre.fr\/index.php\/author\/gbolzinger\/"},"comment_info":0,"_links":{"self":[{"href":"https:\/\/memostasis.parisnanterre.fr\/index.php\/wp-json\/wp\/v2\/pages\/282","targetHints":{"allow":["GET"]}}],"collection":[{"href":"https:\/\/memostasis.parisnanterre.fr\/index.php\/wp-json\/wp\/v2\/pages"}],"about":[{"href":"https:\/\/memostasis.parisnanterre.fr\/index.php\/wp-json\/wp\/v2\/types\/page"}],"author":[{"embeddable":true,"href":"https:\/\/memostasis.parisnanterre.fr\/index.php\/wp-json\/wp\/v2\/users\/7"}],"replies":[{"embeddable":true,"href":"https:\/\/memostasis.parisnanterre.fr\/index.php\/wp-json\/wp\/v2\/comments?post=282"}],"version-history":[{"count":10,"href":"https:\/\/memostasis.parisnanterre.fr\/index.php\/wp-json\/wp\/v2\/pages\/282\/revisions"}],"predecessor-version":[{"id":302,"href":"https:\/\/memostasis.parisnanterre.fr\/index.php\/wp-json\/wp\/v2\/pages\/282\/revisions\/302"}],"wp:featuredmedia":[{"embeddable":true,"href":"https:\/\/memostasis.parisnanterre.fr\/index.php\/wp-json\/wp\/v2\/media\/283"}],"wp:attachment":[{"href":"https:\/\/memostasis.parisnanterre.fr\/index.php\/wp-json\/wp\/v2\/media?parent=282"}],"curies":[{"name":"wp","href":"https:\/\/api.w.org\/{rel}","templated":true}]}}