{"id":53,"date":"2025-05-05T12:46:45","date_gmt":"2025-05-05T12:46:45","guid":{"rendered":"https:\/\/memostasis.parisnanterre.fr\/?page_id=53"},"modified":"2026-03-31T15:58:33","modified_gmt":"2026-03-31T15:58:33","slug":"production","status":"publish","type":"page","link":"https:\/\/memostasis.parisnanterre.fr\/index.php\/production\/","title":{"rendered":"Sources &amp; ressources"},"content":{"rendered":"\n<p class=\"has-text-align-center has-theme-palette-1-color has-theme-palette-7-background-color has-text-color has-background has-link-color wp-elements-3da0492315cb4f753ae5ac071d479517\"><strong>Lire<\/strong><\/p>\n\n\n\n<p class=\"has-text-align-center has-theme-palette-3-color has-theme-palette-8-background-color has-text-color has-background has-link-color wp-elements-ceb3a791aefd9b5784701d0fbdc703fa\"><strong>R\u00e9f\u00e9rences Bibliographiques&nbsp;(2015 &#8211; 2025)<\/strong><\/p>\n\n\n\n<p class=\"has-text-align-center\"><strong>\u00c9PIST\u00c9MOLOGIE DE LA GUERRE CIVILE&nbsp;<\/strong><\/p>\n\n\n<div class=\"wp-block-image\">\n<figure class=\"aligncenter size-full is-resized\"><img loading=\"lazy\" decoding=\"async\" width=\"862\" height=\"934\" src=\"https:\/\/memostasis.parisnanterre.fr\/wp-content\/uploads\/2025\/09\/Eteocle-et-Polynice-urne-cineraire-argile-2e-s.-av.-JC-Paris-BnF-inv.65.5234.-jpg.jpg\" alt=\"\" class=\"wp-image-171\" style=\"width:310px;height:auto\" srcset=\"https:\/\/memostasis.parisnanterre.fr\/wp-content\/uploads\/2025\/09\/Eteocle-et-Polynice-urne-cineraire-argile-2e-s.-av.-JC-Paris-BnF-inv.65.5234.-jpg.jpg 862w, https:\/\/memostasis.parisnanterre.fr\/wp-content\/uploads\/2025\/09\/Eteocle-et-Polynice-urne-cineraire-argile-2e-s.-av.-JC-Paris-BnF-inv.65.5234.-jpg-277x300.jpg 277w, https:\/\/memostasis.parisnanterre.fr\/wp-content\/uploads\/2025\/09\/Eteocle-et-Polynice-urne-cineraire-argile-2e-s.-av.-JC-Paris-BnF-inv.65.5234.-jpg-768x832.jpg 768w\" sizes=\"auto, (max-width: 862px) 100vw, 862px\" \/><\/figure>\n<\/div>\n\n\n<p class=\"has-text-align-center has-small-font-size\"><em>Et\u00e9ocle et Polynic<\/em>e, urne fun\u00e9raire, argile, 2e s. av. JC (Paris, BnF, inv.65.5234) <\/p>\n\n\n\n<p class=\"has-text-align-center\"><strong> D\u00e9finitions, th\u00e9ories<\/strong><\/p>\n\n\n\n<p>ARMITAGE, David, <em>Civil Wars: A History in Ideas<\/em>, New York, Alfred A. Knopf, 2017, 360 pages.<\/p>\n\n\n\n<p>BACHAND, Marise, \u00ab Un monument est une injonction : la guerre civile (1861-1865) et ses m\u00e9moires conflictuelles \u00bb, Bulletin d\u2019histoire politique, vol. XXVI, no 3, 2018, p. 173.<\/p>\n\n\n\n<p>BAECHLER, Jean, \u00ab Les figures de la guerre civile \u00bb, dans Jean Baechler (dir.), <em>La Guerre civile, <\/em>Paris, Herman, 2018, p. 7-27.<\/p>\n\n\n\n<p>BANTIGNY, Ludivine, DELUERMOZ, Quentin, GOBILLE, Boris, JEANPIERRE, Laurent, et PALIERAKI, Eugenia (dir.), <em>Une histoire globale des r\u00e9volutions<\/em>, Paris, La D\u00e9couverte, 2023, 1200 pages.<\/p>\n\n\n\n<p>BARRERA, Guillaume, <em>La Guerre civile : histoire, philosophie, politique<\/em>, Paris, Gallimard, 2021, 292 pages.<\/p>\n\n\n\n<p>BECERRA MAYOR David et ROSA Isaac, <em>La Guerra Civil como moda literaria<\/em>, Madrid, Clave Intelectual, 2015, 464 pages.<\/p>\n\n\n\n<p>BOYS, Christina, HYYPPA, Tina, KESKIN, Merve, LANDAU, Dana M., SCHWARTZ, Rachel A., STEWART, Megan A., WATERMAN, Alex, et WORALL, James, \u00ab Civil War and Intrastate Conflict: Reimagining a Field of Study \u00bb, <em>Civil Wars<\/em> 2 (vol. 27), 2025, p. 416-439.<\/p>\n\n\n\n<p>BUISSON, Jean-Christophe, et SEVILLIA, Jean (dir.), <em>Les guerres civiles &#8211; de la Renaissance \u00e0 nos jours, <\/em>Perrin, 2025, 384 pages.<\/p>\n\n\n\n<p>DARMANGEAT, Christophe, \u00ab D\u00e9finir la guerre civile ? Un bref \u00e9clairage de l\u2019anthropologie sociale \u00bb, <em>Critique<\/em>, 2025\/1-2 n\u00b0 932-933, p.26-36, URL : <a href=\"https:\/\/shs.cairn.info\/revue-critique-2024-1-2-page-26?lang=fr\">https:\/\/shs.cairn.info\/revue-critique-2024-1-2-page-26?lang=fr<\/a>.<\/p>\n\n\n\n<p>DJAIZ, David, <em>La guerre civile n\u2019aura pas lieu<\/em>, Paris, CERF \u00c9ditions, 2017, 200 pages.<\/p>\n\n\n\n<p>DORRONSORO, Gilles, <em>Le plus grand des maux &#8211; Sociologie des guerres civiles<\/em>, Paris, CNRS \u00e9ditions, 2025, 304 pages.<\/p>\n\n\n\n<p>DOWNS, Gregory P., et KATE, Masur (\u00e9ditrice), <em>The World the Civil War Made, <\/em>Presse de l\u2019Universit\u00e9 de Caroline du Nord, 2015, URL : <a href=\"http:\/\/www.jstor.org\/stable\/10.5149\/9781469624198_downs\">http:\/\/www.jstor.org\/stable\/10.5149\/9781469624198_downs<\/a>&nbsp;<\/p>\n\n\n\n<p>GAINOT, Bernard, ROLLAND-BOULESTREAU, Anne et MICHON, Bernard (dir.), <em>Des guerres civiles du XVIe si\u00e8cle \u00e0 nos jours. Usages et enjeux des m\u00e9moires<\/em> , Rennes, Presses universitaires de Rennes, 2022, 226 pages.<\/p>\n\n\n\n<p>GRANG\u00c9, Ninon, <em>De la guerre civile<\/em>, Paris, Armand Colin, 2009, 320 pages.<\/p>\n\n\n\n<p>MARTIN, Jean-Cl\u00e9ment, \u00ab &#8220;Guerre civile&#8221;, une notion insaisissable mais indispensable \u00bb, <em>Pouvoirs<\/em>, vol. CLXXXVIII, no 1, 2024, p. 15-24, URL : <a href=\"https:\/\/droit.cairn.info\/revue-pouvoirs-2024-1-page-15?lang=fr\">https:\/\/droit.cairn.info\/revue-pouvoirs-2024-1-page-15?lang=fr<\/a>.<\/p>\n\n\n\n<p>MARZANO, Michela. <em>Dictionnaire de la violence<\/em>, Paris, PUF, 2011, 1538 pages.<\/p>\n\n\n\n<p>McPHERSON, James M., <em>Battle Cry of Freedom: The Civil War Era<\/em>, Oxford, Oxford University Press, 1988, 944 pages.<\/p>\n\n\n\n<p>NO\u00c9, Jean-Baptiste, \u00ab L\u2019Essence de la guerre civile : vie et mort des nations \u00bb, <em>Cahiers de Conflits<\/em> 4, 2023, p. 1-5, URL : <a href=\"https:\/\/shs.cairn.info\/revue-cahiers-de-conflits-2023-4-page-1?lang=fr&amp;tab=premieres-lignes\">https:\/\/shs.cairn.info\/revue-cahiers-de-conflits-2023-4-page-1?lang=fr&amp;tab=premieres-lignes<\/a>. <\/p>\n\n\n\n<p>ROLLAND-BOULESTREAU, Anne, \u00ab Entrer en guerre civile pendant la R\u00e9volution fran\u00e7aise : Vend\u00e9e &#8211; mars 1793 \u00bb, dans BATHY-DELALANDE, H\u00e9l\u00e8ne, et TREVISAN, Carine (dir.), <em>Entrer en guerre<\/em>, Paris, Hermann, 2016, p.&nbsp;65-76. <\/p>\n\n\n\n<p>SILVE, Arthur et VERDIER, Thierry, \u00ab Fragilit\u00e9 r\u00e9gionale, capacit\u00e9 de l\u2019\u00c9tat et guerre civile \u00bb, <em>Revue \u00c9conomique<\/em> 6 (vol. 69), 2018, pp. 937 &#8211; 960, URL : <a href=\"https:\/\/www.jstor.org\/stable\/26557604\">https:\/\/www.jstor.org\/stable\/26557604<\/a>&nbsp;<\/p>\n\n\n\n<p>TAZDA\u00cfT, Tarik et NESSAH, Rabia, \u00ab La Guerre civile \u00bb, dans <em>Les th\u00e9ories du choix r\u00e9volutionnaire, <\/em>Paris, La D\u00e9couverte, 2008, p. 87-104.<\/p>\n\n\n\n<p>VI\u00d1AS \u00c1ngel, \u00ab Sobre mitos y falacias de la Guerra Civil que a\u00fan persisten \u00bb, <em>Bulletin hispanique<\/em> 118\u20111, 2016, p. 49\u201164, URL : <a href=\"https:\/\/journals.openedition.org\/bulletinhispanique\/4207\">https:\/\/journals.openedition.org\/bulletinhispanique\/4207<\/a>.<\/p>\n\n\n\n<p class=\"has-text-align-center\"><strong>Lexique et grammaire de la guerre civile<\/strong><\/p>\n\n\n\n<p>C\u00c9SAR, <em>La Guerre de Gaules, la Guerre civile, <\/em>traduit par COGITORE Isabelle, COUDRY Marianne, DE GIORGIO Jean-Pierre, LEFEBVRE Sabine, WYLER St\u00e9phanie, Paris, \u00e9dition dirig\u00e9 par Jean Pierre de Giorgio, Les Belles Lettres, 2020, 516 pages.<\/p>\n\n\n\n<p>GONTIER, Thierry, (de) LIGIO, Giulio et LOUIS, Adrien, <em>Ethique, politique et religions, l\u2019amiti\u00e9 civique &#8211; d\u2019Ath\u00e8nes \u00e0 Rome, <\/em>Paris, Garnier, 2025, 184 pages.<\/p>\n\n\n\n<p>MBEMBE, Achille, <em>Politiques de l\u2019inimiti\u00e9<\/em>, Paris, La D\u00e9couverte, 2016, 181 pages.<\/p>\n\n\n\n<p>NO\u00c9 Jean-Baptiste, \u00ab L\u2019essence de la guerre civile : vie et mort des nations \u00bb, <em>Cahiers de Conflits<\/em> 4, 2023, p. 1-5, URL : <a href=\"https:\/\/shs.cairn.info\/revue-cahiers-de-conflits-2023-4-page-1?lang=fr&amp;tab=premieres-lignes\">https:\/\/shs.cairn.info\/revue-cahiers-de-conflits-2023-4-page-1?lang=fr&amp;tab=premieres-lignes<\/a>. <\/p>\n\n\n\n<p>PRIVET Georges, \u00ab Civil War : guerres virtuelles, guerres r\u00e9elles \u00bb, <em>L\u2019Inconv\u00e9nient<\/em> 97, 2024, p. 60\u201163.<\/p>\n\n\n\n<p>ROGAN, Esther, <em>La st\u00e1sis dans la politique d\u2019Aristote: la cit\u00e9 sous tension<\/em>, Paris, Classiques Garnier, 2018, 430 pages.<\/p>\n\n\n\n<p>TRAVERSO Enzo, \u00ab Concepts, symboles et lieux de m\u00e9moires \u00bb, dans<em> R\u00e9volution. Une histoire culturelle<\/em>, traduction de Damien Tissot, Paris, La D\u00e9couverte, 2022, p. 157\u2011225.<\/p>\n\n\n\n<p class=\"has-text-align-center\"><strong>HISTOIRE ET \u00c9TUDES DE CAS (perspectives historiques et g\u00e9opolitiques)<\/strong><\/p>\n\n\n\n<p class=\"has-text-align-center\" style=\"line-height:1.5\"><strong>Guerres de Religion et guerre civile \u00e0 l\u2019\u00e9poque moderne<\/strong><\/p>\n\n\n\n<p><em>Les guerres de Religion<\/em><\/p>\n\n\n\n<div class=\"wp-block-cover aligncenter\" style=\"min-height:364px;aspect-ratio:unset;\"><img loading=\"lazy\" decoding=\"async\" width=\"2270\" height=\"1426\" class=\"wp-block-cover__image-background wp-image-161 size-full\" alt=\"\" src=\"https:\/\/memostasis.parisnanterre.fr\/wp-content\/uploads\/2025\/09\/2025-09-26-17.08.41.jpg\" data-object-fit=\"cover\" srcset=\"https:\/\/memostasis.parisnanterre.fr\/wp-content\/uploads\/2025\/09\/2025-09-26-17.08.41.jpg 2270w, https:\/\/memostasis.parisnanterre.fr\/wp-content\/uploads\/2025\/09\/2025-09-26-17.08.41-300x188.jpg 300w, https:\/\/memostasis.parisnanterre.fr\/wp-content\/uploads\/2025\/09\/2025-09-26-17.08.41-1024x643.jpg 1024w, https:\/\/memostasis.parisnanterre.fr\/wp-content\/uploads\/2025\/09\/2025-09-26-17.08.41-768x482.jpg 768w, https:\/\/memostasis.parisnanterre.fr\/wp-content\/uploads\/2025\/09\/2025-09-26-17.08.41-1536x965.jpg 1536w, https:\/\/memostasis.parisnanterre.fr\/wp-content\/uploads\/2025\/09\/2025-09-26-17.08.41-2048x1287.jpg 2048w\" sizes=\"auto, (max-width: 2270px) 100vw, 2270px\" \/><span aria-hidden=\"true\" class=\"wp-block-cover__background has-background-dim\"><\/span><div class=\"wp-block-cover__inner-container is-layout-flow wp-block-cover-is-layout-flow\">\n<p><\/p>\n<\/div><\/div>\n\n\n\n<p class=\"has-text-align-center has-small-font-size\" style=\"line-height:1\">Dubois d&#8217;Amiens, <em>La Saint Barth\u00e9l\u00e9my \u00e0 Paris<\/em>, gravure (BnF, Estampes et photographie, QB-1 (1572-08-24)-FOL)<\/p>\n\n\n\n<p>ARACIL, Adrien, \u00ab De l\u2019imaginaire comme lieu de la politique. Remarques sur une lecture intempestive de l\u2019histoire par les huguenots du premier XVII<sup>e<\/sup> si\u00e8cle \u00bb, dans CALLARD, Caroline, DEBBAGI BARANOVA, Tatiana, et LE ROUX, Nicolas (dir.), <em>Un tragique<\/em> <em>XVI<\/em><em><sup>e<\/sup> <\/em><em>si\u00e8cle. M\u00e9langes offerts \u00e0 Denis Crouzet<\/em>, Ceyz\u00e9rieu, Champ Vallon, 2022, p. 394-400.<\/p>\n\n\n\n<p>-, \u00ab Un \u201c nouveau dictionnaire \u201d? Les huguenots face aux transformations du langage politique dans la France des ann\u00e9es 1610-1620 \u00bb, <em>Revue d\u2019histoire du protestantisme<\/em> 6, 2021\/2, p. 205-224&nbsp;<\/p>\n\n\n\n<p>-, \u00ab R\u00e9agencements et usages politiques du pass\u00e9 et de la m\u00e9moire chez les r\u00e9form\u00e9s fran\u00e7ais, de l\u2019\u00e9dit de Nantes aux ann\u00e9es 1620 \u00bb, <em>Histoire, \u00c9conomie &amp; Soci\u00e9t\u00e9 <\/em>2020\/3, p. 84-100.&nbsp;<\/p>\n\n\n\n<p>BARBICHE, Bernard, \u00ab Les trait\u00e9s conclus entre le roi de France et ses sujets rebelles (fin XVIe- d\u00e9but XVIIe si\u00e8cle) \u00bb, dans Olivier PONCET (dir.), <em>Diplomatique et diplomatie. Les trait\u00e9s (Moyen-\u00c2ge, d\u00e9but du XIXe si\u00e8cle), <\/em>Paris, Publications de l\u2019Ecole Nationale des Chartes, 2015, p. 91-104.<\/p>\n\n\n\n<p>BENEDICT, Philip, DAUSSY, Hugues &amp; LECHOT Pierre-Olivier (dir.), <em>L\u2019Identit\u00e9 huguenote. Faire m\u00e9moire et \u00e9crire l\u2019histoire (xvi<\/em><em><sup>e<\/sup><\/em><em>-xxi<\/em><em><sup>e<\/sup><\/em><em>si\u00e8cle)<\/em>, Gen\u00e8ve, Droz, 2014, 664 pages.<\/p>\n\n\n\n<p>BERNAT, Chrystel, \u00ab Guerres au nom de Dieu. Justifications sourdes de la violence et l\u00e9gitimations fratricides au tournant du Grand Si\u00e8cle \u00bb, dans ENCREV\u00c9, Andr\u00e9, FABRE, R\u00e9mi, et PENEAU, Corinne (dir.), <em>Guerre juste, juste guerre. Les justifications religieuses et profanes de la guerre de l\u2019Antiquit\u00e9 auxxi<\/em><em><sup>e<\/sup><\/em><em>si\u00e8cle<\/em>, Pompignac, Bi\u00e8re, 2013, p. 201-220.<\/p>\n\n\n\n<p>BRUNET, Serge (dir.), <em>La Sainte Union des Catholiques de France et la fin des guerres de Religion, 1585-1629, <\/em>Paris, Classiques Garnier, 2016, 525 pages.<br><br>CALLARD, Caroline, DEBBAGI-BARANOVA Tatiana et LE ROUX Nicolas (dir.), <em>Une tragique<\/em> <em>xvi<\/em><em><sup>e<\/sup><\/em><em>si\u00e8cle. M\u00e9langes offerts \u00e0 Denis Crouzet<\/em>, Paris, Champ Vallon, 2022, 432 pages.<\/p>\n\n\n\n<p>CARPI, Olivia, <em>Les guerres de religion (1559-1598). Un conflit franco-fran\u00e7ais<\/em>, Paris, Ellipses, 2012, 719 pages.<\/p>\n\n\n\n<p>-,&nbsp; \u00ab Une r\u00e9conciliation rat\u00e9e ? Amiens au sortir de la Ligue (1594-1610) \u00bb, dans DE WAELE, Michel (dir.), <em>Lendemains de guerre civile. R\u00e9conciliations et restaurations en France sous Henri IV<\/em>, Paris, Hermann, 2015, p. 39-68.<\/p>\n\n\n\n<p>-,&nbsp; \u00ab L\u2019union des villes catholiques de Picardie \u00bb, dans BRUNET, Serge (dir.), <em>La Sainte Union des catholiques de France et la fin des guerres de Religion (1585-1629)<\/em>, Paris, Garnier, 2016, p. 95-112.&nbsp;<\/p>\n\n\n\n<p>CASSAN, Michel, \u00ab La guerre en discours : l\u2019ann\u00e9e 1589 en France \u00bb, dans FOA, J\u00e9r\u00e9mie, et MELLET, Paul-Alexis (dir.), <em>Le Bruit des armes. Mises en forme et d\u00e9sinformations en Europe pendant les guerres de Religion, 1560-1610<\/em>, Paris, Honor\u00e9 Champion, 2012, p. 259-275.<\/p>\n\n\n\n<p>CHRISTIN, Olivier, et KRUMENACKER, Yves (dir.), <em>Les Protestants \u00e0 l\u2019\u00e9poque moderne. Une approche anthropologique<\/em>, Rennes, PUR, 2017, 632 pages.<\/p>\n\n\n\n<p>CROUZET, Denis, <em>Les Enfants bourreaux au temps des guerres de Religion<\/em>, Paris, Albin Michel, 2020, 336 pages.<\/p>\n\n\n\n<p>DAIREAUX, Luc, \u00ab \u201cCeux de la R.P.R.\u201d : les protestants vus \u00e0 travers les actes royaux, XVIe-XVIIe si\u00e8cles \u00bb, dans BERNAT, Chrystel, et BOST, Hubert (dir.), <em>\u00c9noncer \/ D\u00e9noncer l\u2019autre. Discours et repr\u00e9sentations du diff\u00e9rend confessionnel \u00e0 l\u2019\u00e9poque moderne,<\/em> Turnhout, Brepols, 2012, p. 251-263.<\/p>\n\n\n\n<p>DAUBRESSE, Sylvie, et HAAN, Bertrand (dir.), <em>La Ligue et ses fronti\u00e8res<\/em>, Presses universitaires de Rennes, 2015, 381 pages.<\/p>\n\n\n\n<p>-, \u00ab Aux fronti\u00e8res de la Ligue \u00bb, dans DAUBRESSE, Sylvie, et HAAN, Bertrand (dir.),&nbsp; <em>La Ligue et ses fronti\u00e8res<\/em>, Rennes, Presses universitaires de Rennes, 2015, p. 7-18<\/p>\n\n\n\n<p>DESARBRES, Paul-Victor, \u00ab Le d\u00e9tour de Constantinople : remarques sur l\u2019utilisation du th\u00e8me des croisades durant les guerres de religion chez Blaise de Vigen\u00e8re \u00bb, dans EGEDI-KOVACS, Emese (dir.),&nbsp; <em>Byzance et l\u2019Occident V. Ianua Europae<\/em>, Budapest, Coll\u00e8ge E\u00f6tv\u00f6s J\u00f3zsef ELTE, 2019, p. 67-85.<\/p>\n\n\n\n<p>FERRER-BARTOMEU, J\u00e9r\u00e9mie, <em>L\u2019\u00c9tat \u00e0 la lettre. \u00c9crit politique et soci\u00e9t\u00e9 administrative en France au temps des guerres de religion (vers 1560-vers 1620)<\/em>\u201d, Ceyz\u00e9rieu, Champ Vallon, 2022, 368 pages.<\/p>\n\n\n\n<p>FLOOD, Christopher M., \u00ab La France satiris\u00e9e, satyris\u00e9e et fragment\u00e9e. L\u2019autorepr\u00e9sentation factionnelle au temps des guerres de Religion \u00bb, dans STEFANOVSKA, Malina, et PASCHOUD, Adrien (dir.), <em>Litt\u00e9rature et politique. Factions et dissidences de la Ligue \u00e0 la Fronde<\/em>, Paris, Classiques Garnier, 2015.<\/p>\n\n\n\n<p>FOA, J\u00e9r\u00e9mie, et MELLET, Paul-Alexis (dir.), <em>Le Bruit des armes. Mises en formes et d\u00e9sinformations en Europe pendant les guerres de Religion (1560-1610)<\/em>, Paris, H. Champion, 2012, 432 pages.<\/p>\n\n\n\n<p>-, \u00ab Une politique de l\u2019oubliance ? M\u00e9moire et oubli pendant les guerres de religion \u00bb, <em>Ast\u00e9rion<\/em> 15, Lyon, ENS \u00c9ditions, 2016, URL : <a href=\"https:\/\/journals.openedition.org\/asterion\/2829\">https:\/\/journals.openedition.org\/asterion\/2829<\/a>.&nbsp;<\/p>\n\n\n\n<p>FOA, J\u00e9r\u00e9mie, <em>Le Tombeau de la paix. Une histoire des \u00e9dits de pacification, 1560-1572<\/em>, Limoges, PULIM, 2015, 546 pages. <\/p>\n\n\n\n<p>&#8211; <em>Tous ceux qui tombent : visages du massacre de la Saint-Barth\u00e9lemy<\/em>, Paris, La D\u00e9couverte, 2021, 360 pages.<\/p>\n\n\n\n<p>&#8211; <em>\u00ab <\/em>Survivre dans l\u2019hostilit\u00e9 du familier\u202f: le cas des guerres de Religion (1562-1598) \u00bb, dans DELUERMOZ, Quentin, et FOA, J\u00e9r\u00e9mie (dir.), <em>Les \u00c9preuves de la Guerre Civile<\/em>, Paris, \u00c9ditions de la Sorbonne, 2022, p. 57-68.<\/p>\n\n\n\n<p>&#8211; \u00ab Introduction \u00bb,&nbsp; dans FABRE, Pierre Antoine, et FOA, J\u00e9r\u00e9mie (dir.), <em>Les disputes et la conversion religieuse de l\u2019Antiquit\u00e9 au XVIIe si\u00e8cle<\/em>, Rennes, Presses universitaires de Rennes, 2022, p. 7-14.<\/p>\n\n\n\n<p>&#8211; \u00ab La Saint-Barth\u00e9lemy aura-t-elle lieu ? Arr\u00eater les massacres de l\u2019\u00e9t\u00e9 1572 \u00bb, <em>Cahiers de recherches m\u00e9di\u00e9vales et humanistes<\/em> 24, 2012, p. 251-266.<\/p>\n\n\n\n<p>&#8211;&nbsp; \u00ab Les acteurs des guerres de Religion furent-ils des protagonistes ? \u00bb, <em>Politix<\/em> 112, 2015, p. 111-130.<\/p>\n\n\n\n<p>&#8211; <em>Survivre. Une histoire des guerres de Religion<\/em>, Paris, Seuil, 2024, 352 pages. <\/p>\n\n\n\n<p>&#8211;&nbsp; \u00ab Retour \u00e0 Lectoure. Un pacte d\u2019amiti\u00e9 entre catholiques et protestants au d\u00e9but du XVII<sup>e<\/sup> si\u00e8cle \u00bb, dans SALESSE, Fabien (dir.), <em>Le bon historien sait faire parler les silences. Hommages \u00e0 Thierry Wanegffelen<\/em>, Toulouse, M\u00e9ridiennes, 2012, p. 331-358.<\/p>\n\n\n\n<p>&#8211; \u00ab Pacification n\u2019est pas r\u00e9conciliation. La paix comme poursuite de la guerre par d\u2019autres moyens au lendemain des guerres de religion \u00bb, dans BEN HOUNET, Yazid, LEFRANC, Sandrine, PUCCIO-DEN, Deborah (dir.), <em>Justice, religion, r\u00e9conciliation<\/em>, Paris, L\u2019Harmattan, 2014, p. 121-134.<\/p>\n\n\n\n<p>&#8211;&nbsp; \u00ab Du nom dit au non-dit. Sortir de la guerre par l\u2019implicite au temps des troubles de Religion (vers 1562-vers 1598) \u00bb, dans&nbsp;GENET, Jean-Philippe (dir.), <em>La L\u00e9gitimit\u00e9 implicite. Le pouvoir symbolique en Occident (1300-1640)<\/em>, Rome, \u00c9cole Fran\u00e7aise de Rome, 2015, p. 361-378.<\/p>\n\n\n\n<p>&#8211;&nbsp; \u00ab Temps des troubles et troubles du temps. L\u2019enjeu de la datation dans la pacification du royaume (1562-1598) \u00bb, dans BONIN, Pierre, COSANDEY, Fanny, HADDAD, Elie, et ROUSSELET-PIMON, Anne (dir.), <em>\u00c0 la crois\u00e9e des temps. Approches d\u2019histoire politique, juridique et sociale<\/em>, Rennes, Presses Universitaires de Rennes, 2016, p. 19-30.<\/p>\n\n\n\n<p>GIRAUDIER, Fanny, <em>Sortir des guerres de Religion. Henri IV, les nobles et la cour<\/em>, Rennes Presses universitaires de Rennes, Centre de recherche du Ch\u00e2teau de Versailles, 2025, 274 pages.<br><br>-, \u00ab Pourquoi nous combattons. R\u00e9flexions sur l&#8217;engagement des communaut\u00e9s rurales dans les guerres de la Ligue \u00bb dans DAUBRESSE, Sylvie, et HAAN, Bertrand,&nbsp; <em>La Ligue et ses fronti\u00e8res<\/em>, Rennes, Presses universitaires de Rennes, 2015, p. 95-109.<br><br>HUCHARD C\u00e9cile, \u00ab Victoire, d\u00e9faite et propagande : discours et r\u00e9cits du si\u00e8ge de La Rochelle de 1573 \u00bb, dans FOA, J\u00e9r\u00e9mie, et MELLET, Paul-Alexis (dir.), <em>Le bruit des armes. Mises en forme et d\u00e9sinformations en Europe pendant les guerres de Religion, 1560-1610<\/em>, Paris, Honor\u00e9 Champion, 2012, p. 215-231.&nbsp;<\/p>\n\n\n\n<p>-, <em>D\u2019encre et de sang. Simon Goulart et la Saint-Barth\u00e9lemy<\/em> Paris, Classiques Garnier, 2024 [1<sup>\u00e8re<\/sup> \u00e9d. 2007]&nbsp;JOBLIN Alain, \u00ab Les guerres de Religion sur la fronti\u00e8re : le cas du Boulonnais en 1567 et 1587-1588 \u00bb, dans B\u00c9THOUART, Bruno, et BONIFACE, Xavier<em>, Les chr\u00e9tiens, la guerre et la paix<\/em>, Rennes, Presses universitaires de Rennes, 2012, p. 133-142.<\/p>\n\n\n\n<p>JUNOT, Yves, \u00ab Les milices bourgeoises au temps des guerres civiles. Force de d\u00e9stabilisation ou instrument de pacification de la soci\u00e9t\u00e9 urbaine ? (Valenciennes, anciens Pays-Bas espagnols, 1560-1600) \u00bb, dans IBANEZ, Jos\u00e9 Javier Ruiz, et BRUNET, Serge, <em>Les milices dans la premi\u00e8re modernit\u00e9<\/em>, Rennes, Presses universitaires de Rennes, 2015, p. 35-46.<\/p>\n\n\n\n<p>LABOURDETTE, Jean-Fran\u00e7ois, <em>Charles IX et la puissance espagnole. Diplomatie et guerres civiles (1563-1574)<\/em>, Paris, Honor\u00e9 Champion, 2013, 720 pages.<\/p>\n\n\n\n<p>LE ROUX, Nicolas, <em>Guerres et paix de Religion, 1559-1598<\/em>, Paris, Belin, 2014, 224 pages. <\/p>\n\n\n\n<p>&#8211;&nbsp; \u00ab Couples en guerres de Religion \u00bb, <em>Parlement[s], Revue d\u2019histoire politique<\/em> 30, 2019, p. 25-42.<\/p>\n\n\n\n<p>&#8211; \u00ab Les guerres de Religion ont bien eu lieu \u00bb, dans BARJOT, Dominique, BELLAVITIS, Anna, HAAN, Bertrand et FEIRTAG, Olivier (dir.), <em>Regards crois\u00e9s sur l\u2019historiographie fran\u00e7aise aujourd\u2019hui<\/em>, Paris, SPM, 2020.<\/p>\n\n\n\n<p>&#8211; \u00ab Factions et associations nobiliaires \u00e0 la naissance de la Ligue \u00bb, dans STEFANOVSKA, Malina, et PASCHOUD, Adrien (dir.), <em>Litt\u00e9rature et politique. Factions et dissidences de la Ligue \u00e0 la Fronde<\/em>, Paris, Classiques Garnier, 2015.<\/p>\n\n\n\n<p>&#8211;&nbsp;\u00ab \u2018Il est impossible de tenir les langues des hommes brid\u00e9es\u2019. Opinion commune et autorit\u00e9 monarchique au temps des troubles de religion \u00bb, dans BOURQUIN, Laurent, HAMON, Philippe,&nbsp;KARILA-COHEN, Pierre, et MICHON, C\u00e9dric (dir.), <em>S\u2019exprimer en temps de trouble. Conflits, opinion(s) et politisation de la fin du Moyen \u00c2ge au d\u00e9but du XXe si\u00e8cle<\/em>, Rennes, Presses Universitaires de Rennes, 2012, p. 63-78.<\/p>\n\n\n\n<p>&#8211; \u00ab Mettre la main \u00e0 la plume. Information, mobilisation et conciliation \u00e0 l\u2019aube de la Ligue \u00bb, dans FOA, J\u00e9r\u00e9mie, et MELLET, Paul-Alexis (dir.), <em>Le bruit des armes. Mises en forme et d\u00e9sinformations en Europe pendant les guerres de Religion, 1560-1610<\/em>, Paris, Honor\u00e9 Champion, 2012, p. 233-257.<\/p>\n\n\n\n<p>&#8211;&nbsp;\u00ab Rivalit\u00e9s nobiliaires, solidarit\u00e9s urbaines et mobilisation catholique. La Ligue dans le centre du royaume (Berry, Orl\u00e9anais, Touraine) \u00bb, dans BRUNET, Serge (dir.), <em>La Sainte Union des catholiques de France et la fin des guerres de Religion (1585-1629)<\/em>, Paris, Garnier, 2016, p. 51-93.<\/p>\n\n\n\n<p>&#8211; \u00ab Le roi, le pardon et l\u2019oubli. Faire la paix au temps des guerres de Religion \u00bb, dans SCHEID-TISSINIER, \u00c9velyne, et RENTET, Thierry (dir.), <em>Figures politiques du pardon. De l\u2019Antiquit\u00e9 \u00e0 la Renaissance<\/em>, Paris, Nolin, 2011, p. 151-177.<\/p>\n\n\n\n<p>MARTYSHEVA Lana, \u00ab La violence (in-)acceptable : seuil de sensibilit\u00e9 et perception ext\u00e9rieure de la premi\u00e8re guerre de Religion \u00bb, dans CALLARD, Caroline, DEBBAGI BARANOVA, Tatiana, et LE ROUX, Nicolas (dir.), <em>Un tragique<\/em> <em>XVI<sup>e<\/sup><\/em><em>si\u00e8cle. M\u00e9langes offerts \u00e0 Denis Crouzet<\/em>, Ceyz\u00e9rieu, Champ Vallon, 2022, p. 278-282.<\/p>\n\n\n\n<p>&#8211; \u00ab La dispute en ab\u00eeme \u00bb, dans FABRE, Pierre-Antoine, et FOA, J\u00e9r\u00e9mie (dir.), <em>Les Disputes et la conversion religieuse de l\u2019Antiquit\u00e9 au XVIIe si\u00e8cle<\/em>, Rennes,&nbsp; Presses universitaires de Rennes, 2022, p. 163-174.<\/p>\n\n\n\n<p>&#8211; \u00ab&nbsp; La dispute aura-t-elle lieu ? Les conf\u00e9rences th\u00e9ologiques en France au sortir des guerres de Religion \u00bb, dans BOUHAIK-GIRONES, Marie, DEBAGGI-BARANOVA, Tatiana, et SZCZECH, Nathalie (dir.), <em>Usages et strat\u00e9gies pol\u00e9miques en Europe au temps de l\u2019humanisme (XIVe-premier XVIIe si\u00e8cles)<\/em>, Bruxelles, Peter Lang, 2016, p. 301-312.<\/p>\n\n\n\n<p>MICALLEF, Fabrice, \u00ab Guerre civile et \u00e9preuve d\u00e9lib\u00e9rative. Les assembl\u00e9es proven\u00e7ales au d\u00e9but des troubles de la Ligue (1585-1588) \u00bb, <em>Revue d\u2019histoire moderne et contemporaine<\/em> 62-1, 2015, p. 127-146.<\/p>\n\n\n\n<p>M\u00dcHLING, Christian, <em>Le d\u00e9bat europ\u00e9en sur la guerre de religion (1679-1714). M\u00e9moire confessionnelle et politique internationale \u00e0 l&#8217;\u00e9poque de Louis XIV<\/em>, Paris, Honor\u00e9 Champion, 2021, 626 pages. <\/p>\n\n\n\n<p>NICOLLIER, B\u00e9atrice, \u00ab \u2018Certains brodent, inventent des combats, des si\u00e8ges de villes, des morts d\u2019hommes illustres&#8230;\u2019 : information de guerre en Allemagne pendant la seconde et la troisi\u00e8me guerres de religion \u00bb, dans FOA, J\u00e9r\u00e9mie, et MELLET, Paul-Alexis (dir.), <em>Le Bruit des armes. Mises en forme et d\u00e9sinformations en Europe pendant les guerres de Religion, 1560-1610<\/em>, Paris, Honor\u00e9 Champion, 2012, p. 383-395.<\/p>\n\n\n\n<p>RODIER, Yann, <em>Les Raisons de la haine. Histoire d\u2019une passion dans la France du premier XVII<sup>e&nbsp; <\/sup>si\u00e8cle, <\/em>Ceyz\u00e9rieu, Champ Vallon, 2019, 496 pages.<\/p>\n\n\n\n<p>ROPP, Laurent, \u00ab Les protestants fran\u00e7ais et la Saint-Barth\u00e9lemy (1972-2022). M\u00e9moires contemporaines d&#8217;un massacre du XVIe si\u00e8cle \u00bb, <em>Revue d&#8217;histoire du protestantisme<\/em> 8, 2023, p. 105-127.<\/p>\n\n\n\n<p>&#8211; \u00ab Les r\u00e9sonances d\u2019un massacre protestant. Scandales et silences dans les historiographies confessionnelles de la Michelade (XVIe\u2013XXIe si\u00e8cles) \u00bb, <em>Cahiers d&#8217;histoire<\/em> 39, 2023,&nbsp; p. 123-149.<\/p>\n\n\n\n<p>&#8211; \u00ab Des tueries horribles ? Les violences religieuses dans la France du XVI<sup>e<\/sup> si\u00e8cle selon les m\u00e9morialistes \u00bb, <em>Source(s) \u2013 Arts, Civilisation et Histoire de l\u2019Europe<\/em> 14-15, 2019, p. 39-57.<\/p>\n\n\n\n<p>ROUSSEL, Diane, <em>Violences et passions dans le Paris de la Renaissance<\/em>, Seyssel, Champ Vallon, 2012, 392 pages.<\/p>\n\n\n\n<p>&#8211; \u00ab L\u2019espace public comme enjeu des guerres de Religion et de la paix civile. R\u00e9flexions sur la notion d\u2019espace public et ses m\u00e9tamorphoses \u00e0 Paris au XVIe si\u00e8cle \u00bb, dans BOUCHERON, Patrick, et OFFENSTADT, Nicolas (dir.), <em>L\u2019espace public au Moyen \u00c2ge. D\u00e9bats autour de J\u00fcrgen Habermas<\/em>, Paris, Presses Universitaires de France, 2011, p. 131-146.<\/p>\n\n\n\n<p>SOURIAC, Pierre-Jean, \u00ab De l\u2019adversaire religieux \u00e0 celui du contraire parti. D\u00e9signer son adversaire durant les guerres de religion \u00bb, dans BERNAT, Chrystel, et BOST, Hubert (dir.), <em>\u00c9noncer\/d\u00e9noncer l\u2019autre. Discours et repr\u00e9sentations du diff\u00e9rend confessionnel \u00e0 l\u2019\u00e9poque moderne<\/em>, Bruxelles, Brepols, 2012, p. 223-242.<\/p>\n\n\n\n<p>STEFANOVSKA Malina et PASCHOUD Adrien (dir.), <em>Litt\u00e9rature et politique. Factions et dissidences de la Ligue \u00e0 la Fronde<\/em>, Paris, Classiques Garnier, 2015, 248 pages. <\/p>\n\n\n\n<p>VYT Christophe, \u00ab Survivre \u00e0 la guerre civile. Les comportements individuels \u00e0 Gap face aux guerres de Religion, 1562-1589 \u00bb, <em>Bulletin de la Soci\u00e9t\u00e9 d&#8217;\u00e9tudes des Hautes-Alpes<\/em>, 2017, p.&nbsp;49-71.<\/p>\n\n\n\n<p>WAELE Michel (de) (dir.),<em>Lendemains de guerre civile. R\u00e9conciliations et restaurations en France sous Henri IV<\/em>, Paris, Hermann, 2015, 268 pages.<\/p>\n\n\n\n<p>&#8211; <em>R\u00e9concilier les Fran\u00e7ais: la fin des guerres de religion 1589-1598<\/em>, Les Presses de l&#8217;Universit\u00e9 Laval, 2010, 376 pages.<\/p>\n\n\n\n<p>&#8211; \u00ab Le cadavre du conspirateur : peur, col\u00e8re et d\u00e9fense de la communaut\u00e9 \u00e0 l\u2019\u00e9poque de la Saint-Barth\u00e9lemy \u00bb, <em>Revue d\u2019histoire moderne &amp; contemporaine<\/em> 64-1, 2017, p. 97-115.&nbsp;<\/p>\n\n\n\n<p>&#8211; \u00ab \u201cNos huguenots ont icy cabale puissante\u201d : les huguenots, l\u2019Angleterre et les Provinces-Unies (1621-1622) \u00bb, dans GELLARD, Matthieu, et MICALLEF, Fabrice (dir),&nbsp; <em>Diplomaties rebelles. Huguenots, Malcontents et ligueurs sur la sc\u00e8ne internationale (1562-1629)<\/em>, Rennes, Presses universitaires de Rennes, 2022, p. 209-225.<\/p>\n\n\n\n<p>&#8211; \u00ab Une loi, une foi, un roi : tol\u00e9rance et concorde en Nouvelle-France \u00e0 l\u2019\u00e9poque d\u2019Henri IV\u00bb, <em>Bulletin d\u2019histoire politique<\/em> 2 (vol. 27), 2019, p. 15-33.<\/p>\n\n\n\n<p>&#8211; \u00ab Conflit civil et relations inter\u00e9tatiques dans la France d&#8217;Ancien R\u00e9gime: La r\u00e9volte de Gaston d&#8217;Orl\u00e9ans, 1631-1632\u00bb,<em>French Historical Studies<\/em> 4 (vol. 37), 2014, p. 565-598.<\/p>\n\n\n\n<p><em>La Fronde<\/em><\/p>\n\n\n<div class=\"wp-block-image\">\n<figure class=\"aligncenter size-large is-resized\"><img loading=\"lazy\" decoding=\"async\" width=\"1024\" height=\"913\" src=\"https:\/\/memostasis.parisnanterre.fr\/wp-content\/uploads\/2025\/09\/Mazarinade-c.-1650-1-1024x913.jpg\" alt=\"\" class=\"wp-image-172\" style=\"width:315px;height:auto\" srcset=\"https:\/\/memostasis.parisnanterre.fr\/wp-content\/uploads\/2025\/09\/Mazarinade-c.-1650-1-1024x913.jpg 1024w, https:\/\/memostasis.parisnanterre.fr\/wp-content\/uploads\/2025\/09\/Mazarinade-c.-1650-1-300x268.jpg 300w, https:\/\/memostasis.parisnanterre.fr\/wp-content\/uploads\/2025\/09\/Mazarinade-c.-1650-1-768x685.jpg 768w, https:\/\/memostasis.parisnanterre.fr\/wp-content\/uploads\/2025\/09\/Mazarinade-c.-1650-1-1536x1370.jpg 1536w, https:\/\/memostasis.parisnanterre.fr\/wp-content\/uploads\/2025\/09\/Mazarinade-c.-1650-1-2048x1826.jpg 2048w\" sizes=\"auto, (max-width: 1024px) 100vw, 1024px\" \/><\/figure>\n<\/div>\n\n\n<p class=\"has-text-align-center has-small-font-size\"><em>Le Salut de la France dans les armes de la Ville de Paris,<\/em> mazarinade anonyme, placard (d\u00e9tail), c. 1650 (Paris, Biblioth\u00e8que Mazarine, M 1515)<\/p>\n\n\n\n<p>AUBERT, Gauthier, <em>R\u00e9voltes et r\u00e9pressions dans la France moderne<\/em>, Paris, Armand Colin, 2015, 240 pages.<\/p>\n\n\n\n<p>CONSTANT, Jean-Marie, <em>C\u2019\u00e9tait la Fronde<\/em>, Paris, Flammarion, 2016, 400 pages.<br><br>RODIER, Yann, \u00ab Les mazarinades g\u00e9nov\u00e9faines et la strat\u00e9gie politique de l\u2019odieux (avril-septembre 1652) \u00bb, <em>Histoire et civilisation du livre \u2013 Revue internationale<\/em> 12, 2016, p. 299-312.&nbsp;<br><br>TRIBOUT, Bruno, \u00ab \u00c9crire la Fronde pour Louis XIV : histoire \u00e9pidictique et perspective critique dans le <em>De rebus gallicis<\/em> (1665) de Benjamin Priolo (Premi\u00e8re partie) \u00bb, <em>Dix-septi\u00e8me si\u00e8cle<\/em> 257, 2012\/4,&nbsp; p. 693-704.<\/p>\n\n\n\n<p>&#8211; \u00ab \u00c9crire la Fronde pour Louis XIV : histoire \u00e9pidictique et perspective critique dans le <em>De rebus gallicis<\/em> (1665) de Benjamin Priolo (Deuxi\u00e8me partie) \u00bb, <em>Dix-septi\u00e8me si\u00e8cle<\/em> 258, 2013\/1,&nbsp; p. 131-147.<\/p>\n\n\n\n<p>&#8211; \u00ab La m\u00e9moire des Mazarinades : une critique politique sous Louis XIV \u00bb, <em>Revue d&#8217;histoire litt\u00e9raire de la France<\/em> 115, 2015\/4,&nbsp; p. 933-950.<\/p>\n\n\n\n<p>&#8211; \u00ab Fronde et faction. Les le\u00e7ons de la guerre civile dans la premi\u00e8re historiographie de la Fronde (1653-1665) \u00bb, dans STEFANOVKSA, Malina, et PASCHOUD, Adrien (dir.), <em>Litt\u00e9rature et politique. Factions et dissidences de la Ligue \u00e0 la Fronde<\/em>, Paris, Classiques Garnier, 2015, 248 pages.<\/p>\n\n\n\n<p>TRICOIRE, Damien, \u00ab La Fronde, un soul\u00e8vement areligieux au XVIIe si\u00e8cle ? De l&#8217;opposition \u201cd\u00e9vote\u201d sous Richelieu aux mazarinades de 1649 \u00bb, <em>Dix-septi\u00e8me si\u00e8cle<\/em> 257, 2012\/4, p.705-717.<\/p>\n\n\n\n<p>TSIMBIDY, Myriam (dir.),&nbsp; <em>\u00c9critures de l\u2019\u00e9v\u00e9nement : les Mazarinades bordelaises<\/em>, Bordeaux, Presses Universitaires de Bordeaux, 2015, 164 pages.<\/p>\n\n\n\n<p>VERGNES, Sophie, <em>Les Frondeuses. Une r\u00e9volte au f\u00e9minin (1643-1661)<\/em>, Seyssel, Champ Vallon, 2013, 838 pages.<\/p>\n\n\n\n<p>&#8211; \u00ab Des discours de la discorde : les femmes, la Fronde et l\u2019\u00e9criture de l\u2019histoire \u00bb, <em>\u00c9tudes \u00c9pist\u00e9m\u00e8<\/em> 19,&nbsp; 2011.<\/p>\n\n\n\n<p>&#8211; \u00ab La duchesse de Longueville et ses fr\u00e8res pendant la Fronde : de la solidarit\u00e9 fraternelle \u00e0 l&#8217;\u00e9mancipation f\u00e9minine \u00bb, <em>Dix-septi\u00e8me si\u00e8cle<\/em> 251, 2011\/2, p. 309-332.&nbsp;&nbsp;<\/p>\n\n\n\n<p>VYT, Christophe, \u00ab Survivre \u00e0 la guerre civile. Les comportements individuels \u00e0 Gap face aux guerres de Religion, 1562-1589 \u00bb, <em>Bulletin de la Soci\u00e9t\u00e9 d\u2019\u00e9tudes des Hautes-Alpes<\/em>, 2017, p. 49-71.<\/p>\n\n\n\n<p class=\"has-text-align-center\" style=\"line-height:1.5\"><strong>La R\u00e9volution fran\u00e7aise : guerre civile et r\u00e9volution<\/strong><\/p>\n\n\n\n<p>BELL, David, CR\u00c9PIN, Annie, DREVILLON, Herv\u00e9, FORCADE, Olivier, et GAINOT, Bernard, \u00ab Autour de la guerre totale \u00bb, <em>Annales historiques de la R\u00e9volution fran\u00e7aise<\/em> 366, d\u00e9cembre 2011, p. 153\u2011170.<\/p>\n\n\n\n<p>BELLE, David, <em>Le culte des chefs. Charisme et pouvoir \u00e0 l\u2019\u00e9poque des r\u00e9volutions<\/em>, Paris, Fayard, 2022, 384 pages.<\/p>\n\n\n\n<p>GAINOT, Bernard, \u00ab Les affrontements militaires sous la R\u00e9volution et l\u2019Empire\u202f: une &#8220;guerre totale&#8221;\u202f? \u00bb, <em>Revue d\u2019histoire moderne &amp; contemporaine<\/em> 59-2, 2012, p. 178\u2011186.<\/p>\n\n\n\n<p>GAINOT, Bernard, \u00ab Les R\u00e9volutionnaires face \u00e0 l\u2019esclavage \u00bb, <em>Histoire de la justice<\/em> 31, 2021, p. 171\u2011179.<\/p>\n\n\n\n<p>GAINOT, Bernard et SAUNIER, \u00c9ric, \u00ab Des Antilles aux Indes orientales, la R\u00e9volution fran\u00e7aise et la question coloniale \u00bb, <em>Annales historiques de la R\u00e9volution fran\u00e7aise<\/em> 395, 2019, p. 29\u201135.<\/p>\n\n\n\n<p>MACKINTOSH, James et RITZ, Olivier, \u00ab Apologie de la r\u00e9volution fran\u00e7aise \u00bb, <em>Orages<\/em> 19, d\u00e9cembre 2020, p. 115\u2011128.<\/p>\n\n\n\n<p>PINGU\u00c9, Dani\u00e8le, ROTHIOT, Jean-Paul, GODINEAU, Dominique, et JOLLET, Anne, <em>La surveillance r\u00e9volutionnaire dans l\u2019Ouest en guerre<\/em>, Paris, Soci\u00e9t\u00e9 des \u00e9tudes robespierristes, 2017, 164 pages. <\/p>\n\n\n\n<p>ROLLAND-BOULESTREAU, Anne, \u00ab Justice et sortie de guerre civile. La Vend\u00e9e militaire \u00e0 l\u2019heure de la pacification (1794-1796) \u00bb, <em>Histoire de la justice<\/em> 32, 2021, p. 83\u201194.<\/p>\n\n\n\n<p>&#8211; \u00ab La guerre civile au quotidien\u202f: les r\u00e9publicains pris dans la tourmente de la guerre de Vend\u00e9e (1794-1796) \u00bb, <em>Annales historiques de la R\u00e9volution fran\u00e7aise<\/em> 405, 2021, p. 181\u2011200.<\/p>\n\n\n\n<p>SOTTOCASA, Val\u00e9rie, \u00ab Nouveau regard sur les massacres au temps de la R\u00e9volution fran\u00e7aise \u00bb:, <em>Annales historiques de la R\u00e9volution fran\u00e7aise<\/em> 418, 2025, p. 3\u20118.<\/p>\n\n\n\n<p>TILLY, Charles, <em>European Revolutions, 1492\u20131992<\/em>, Oxford, Blackwell, 1993, 416 pages.<\/p>\n\n\n\n<p>WAHNICH, Sophie, \u00ab R\u00e9volution, guerre civile, lutte entre deux classes\u202f: confiance civile et intuition sensible chez Saint-Just \u00bb, dans DELUERMOZ, Quentin, et FOA, J\u00e9r\u00e9mie (dir.), <em>Les \u00e9preuves de la guerre civile<\/em>, Paris, \u00c9ditions de la Sorbonne, 2022, p. 231\u2011256, URL: <a href=\"https:\/\/books.openedition.org\/psorbonne\/136558\">https:\/\/books.openedition.org\/psorbonne\/136558<\/a>.<\/p>\n\n\n\n<p class=\"has-text-align-center\" style=\"line-height:1.5\"><strong>La Commune de Paris<\/strong><\/p>\n\n\n\n<p>AUDIN, Mich\u00e8le, <em>La semaine sanglante, <\/em>Paris, Libertalia, 2021, 264 pages.<\/p>\n\n\n\n<p>BANTIGNY, Ludivine, <em>Une histoire globale des r\u00e9volutions, <\/em>Paris, La D\u00e9couverte, 2021, 1200 pages.<\/p>\n\n\n\n<p>CARLUT, Christiane, FAVIERE, Jean-Marie, QUARETTI, J\u00e9r\u00f4me (dir.), <em>La Commune en actes, <\/em>Perpignan, Presses universitaires de Perpignan, 2025, 269 pages.<\/p>\n\n\n\n<p>CARON, Jean-Claude, \u00ab La guerre civile : redout\u00e9e ou esp\u00e9r\u00e9e ? Peurs sociales et traitement politique de la discorde (France, XIXe si\u00e8cle) \u00bb, dans CHAUVAUD, Fr\u00e9d\u00e9ric (dir.), <em>L\u2019ennemie intime. La peur: perceptions, expressions, effets, <\/em>Rennes, Presses universitaire de Rennes, 2011, p. 257-266.<\/p>\n\n\n\n<p>CESAR, Marc, et GODINEAU, Laure (dir.), <em>La Commune de 1871, une relecture, <\/em>Paris, Cr\u00e9aphis, 2019, 592 pages.<\/p>\n\n\n\n<p>CORDILLOT, Michel, <em>La Commune de Paris 1871. Les acteurs, l\u2019\u00e9v\u00e9nement, les lieux, <\/em>Paris, Tallandier, 2023, 752 pages.<em>\u00a0<\/em><\/p>\n\n\n\n<p>DELUERMOZ, Quentin, \u00ab Guerre civile, r\u00e9volution et partages du sensible : affecter les mots et les sens pendant la Commune de Paris, 1871 \u00bb, dans DELUERMOZ, Quentin, et FOA, J\u00e9r\u00e9mie (dir.), <em>Les \u00e9preuves de la guerre civile<\/em>, Paris, \u00c9ditions de la Sorbonne, 2022, p. 259-272.<\/p>\n\n\n\n<p>&#8211; <em>Commune(s), 1870-1871. Une travers\u00e9e des mondes au XIXe si\u00e8cle, <\/em>Paris, Seuil, 2020, 448 pages.<\/p>\n\n\n\n<p>&#8211; <em>Le Cr\u00e9puscule des r\u00e9volutions, 1848-1871, <\/em>Paris, Seuil, tome 3, 2012 (r\u00e9\u00e9dition Points Histoire, 2014), 416 pages.<\/p>\n\n\n\n<p>DELUERMOZ, Quentin, et FOA, J\u00e9r\u00e9mie (dir.), <em>Les \u00e9preuves de la guerre civile<\/em>, Paris, \u00c9ditions de la Sorbonne, 2022, 334 pages.<\/p>\n\n\n\n<p>FOURNIER, Eric, <em>\u201cLa Commune n\u2019est pas morte\u201d, Les usages politiques du pass\u00e9, de 1971 \u00e0 nos jours, <\/em>Paris, Libertia, 2013, 187 pages.<\/p>\n\n\n\n<p>MARX, Karls, ENGELS, Friedrich, <em>Sur la Commune de Paris : Textes et controverses, <\/em>Paris, \u00c9ditions sociales, 2021, 432 pages.<\/p>\n\n\n\n<p>MOISAND, Jeanne, <em>Se f\u00e9d\u00e9rer ou mourir. La Commune de Carthag\u00e8ne et ses mondes, 1873, <\/em>Paris, \u00c9ditions EHESS, 2023, 398 pages.<\/p>\n\n\n\n<p>ROBERT, Jean-Louis, <em>Nouvelles histoire de la Commune de Paris, 1871, <\/em>Paris, Arbre bleu, 2023, 1582 pages.<\/p>\n\n\n\n<p>ROSS, Kristin, <em>L\u2019Imaginaire de la Commune, <\/em>Paris, La Fabrique, 2015, 192 pages.<\/p>\n\n\n\n<p>&#8211; <em>La forme-Commune. La lutte comme mani\u00e8re d\u2019habiter, <\/em>Paris, La Fabrique, 2023, 160 pages.<\/p>\n\n\n\n<p>ROUGERIE, Jacques, <em>La Commune et les communards, <\/em>Paris, Gallimard, 2018, 432 pages.<\/p>\n\n\n\n<p>SAUVAGE, Olivier, DE CHARENTAY Alice et BRAHAMCHA-MARIN, Jordi (dir.), <em>La Commune des \u00e9crivains. Paris, 1871 : vivre et \u00e9crire l\u2019insurrection, <\/em>Paris, Gallimard, 2021, 800 pages.<\/p>\n\n\n\n<p>TOMBS, Robert, <em>Paris, bivouac des r\u00e9volutions. La Commune de 1871, <\/em>Paris, Libertalia, 2014, 470 pages.<\/p>\n\n\n\n<p>WINOCK, Michel, <em>La Commune : La guerre civile des fran\u00e7ais (18 mars 1871), <\/em>Paris, Gallimard, 2026, 336 pages.<\/p>\n\n\n\n<p class=\"has-text-align-center\" style=\"line-height:1.5\"><strong>Guerres civiles, XX<sup>e<\/sup> si\u00e8cle<\/strong><\/p>\n\n\n\n<p><em>Le Front populaire : 1934-1938<\/em>, Paris, Presses Universitaires de France &#8211; Humensis, 2025, 3e \u00e9dition corrig\u00e9e.<\/p>\n\n\n\n<p>\u00ab M\u00e9moires de la guerre civile espagnole : transmission, r\u00e9appropriation\u2026 \u00bb, s. d., disponible en ligne : <a href=\"https:\/\/calenda.org\/195358\">https:\/\/calenda.org\/195358<\/a> ; page consult\u00e9e le 24 mai 2025.<\/p>\n\n\n\n<p>ANDR\u00c9, Marc, \u00ab Quand le Front de lib\u00e9ration nationale ex\u00e9cutait ses \u201ds\u0153urs\u201d : guerre civile alg\u00e9rienne, justice exp\u00e9ditive et violence sexu\u00e9e en France entre 1954 et 1962 \u00bb, <em>20 &amp; 21. Revue d\u2019histoire<\/em> 4 (vol. CLX), 2023, p. 107-125.<\/p>\n\n\n\n<p>ANGOUSTURES, Aline, \u00ab Des Russes aux Espagnols, cr\u00e9ation, \u00e9volution et effet d\u2019un statut international pour les exil\u00e9s des guerres civiles \u00bb, <em>Relations Internationales<\/em> 176, p. 85-104, URL : <a href=\"https:\/\/www.jstor.org\/stable\/48611281\">https:\/\/www.jstor.org\/stable\/48611281<\/a>.\u00a0<\/p>\n\n\n\n<p>AUDOIN-ROUZEAU St\u00e9phane, BECKER Annette, KUHN Samuel Kuhn, SCHREIBER Jean-Philippe (dir.),\u00a0<em>Le Choc. Rwanda 1994 : le g\u00e9nocide des Tutsi<\/em>,\u00a0Paris, Gallimard,\u00a02024, 432 pages.<\/p>\n\n\n\n<p>BABY, Sophie, <em>Juger Franco ? Impunit\u00e9, r\u00e9conciliation, m\u00e9moire<\/em>, Paris, La D\u00e9couverte, 2024, 376 pages.<\/p>\n\n\n\n<p>BEEVOR, Antony, <em>The Battle for Spain: The Spanish Civil War 1936\u20131939<\/em>, Londres, Penguin Books, 2006, 624 pages.<\/p>\n\n\n\n<p>BONHOMME, \u00c9ric et VERCLYTTE, Thomas, \u00ab L\u2019Europe et les r\u00e9volutions totalitaires \u00bb, dans <em>L\u2019Europe de 1900 \u00e0 nos jours<\/em>, Paris, Armand Colin, 2018, p. 112-131.<\/p>\n\n\n\n<p>BRAVO, G\u00f3mez Gutmaro, <em>C\u00f3mo termin\u00f3 la guerra civil espa\u00f1ola, <\/em>Barcelone, Cr\u00edtica, 2026, 400 pages.<\/p>\n\n\n\n<p>CANAL, Jordi, BABY, Sophie, LUIS, Jean-Philippe, MICHONNEAU, St\u00e9phane et YUSTA, Mercedes, \u00ab La guerre civile (1936-1939) \u00bb, dans <em>Histoire de l\u2019Espagne contemporaine<\/em>, vol. IV, Paris, Armand Colin, 2021, p. 241-259.<\/p>\n\n\n\n<p>CHARPENTIER, Pierre-Fr\u00e9d\u00e9ric, <em>Les Intellectuels fran\u00e7ais et la guerre d\u2019Espagne, une guerre civile par procuration (1936-1939)<\/em>, Paris, Le F\u00e9lin, 2019, 696 pages.<\/p>\n\n\n\n<p>CHR\u00c9TIEN, Jean-Pierre, \u00ab Le Burundi n&#8217;est pas un nouveau Rwanda \u00bb, <em>Esprit<\/em> 421, 2016, p. 21-24, URL : <a href=\"http:\/\/www.jstor.org\/stable\/44136411\">http:\/\/www.jstor.org\/stable\/44136411<\/a>. \u00a0<\/p>\n\n\n\n<p>DE KERANGAT, Zoe, \u00ab Beyond Local Memories : Exhumations of Francoism\u2019s Victims as Counter-discourse during the Spanish Transition to Democracy \u00bb, dans SINDBAEK ANDERSEN, Tea, et TORNQUIST-PLEWA (dir.), <em>The Twentieth Century in European Memory : Transcultural Mediation and Reception<\/em>, Leiden, Brill, 2017, pp. 104-121, URL : <a href=\"http:\/\/www.jstor.org\/stable\/10.1163\/j.ctt1w8h377.10\">http:\/\/www.jstor.org\/stable\/10.1163\/j.ctt1w8h377.10<\/a>.\u00a0<\/p>\n\n\n\n<p>DESGRANDCHAMPS, Marie-Luce, <em>L\u2019Humanitaire en guerre civile. La crise du Biafra, 1967-1970<\/em>, Rennes, Presses universitaires de Rennes, 2018, 369 pages.<\/p>\n\n\n\n<p>DUMAS, H\u00e9l\u00e8ne, <em>Le g\u00e9nocide au village. Le massacre des Tutsi au Rwanda, <\/em>Paris, Seuil, 2021 (\u00e9dition originale: 2014), 384 pages.<\/p>\n\n\n\n<p>DUPRAZ, Emmanuel, et GHEERAERT-GRAFFEUILLE, Claire (dir.), <em>La Guerre civile : Repr\u00e9sentations, id\u00e9alisations, identifications<\/em>, Rouen, Presses universitaires de Rouen et du Havre, 2014, 172 pages. <\/p>\n\n\n\n<p>GODICHEAU, Fran\u00e7ois, \u00ab La guerre civile espagnole, enjeux historiographiques et patrimoine politique \u00bb, <em>Vingti\u00e8me Si\u00e8cle. Revue d\u2019histoire<\/em> 3 (vol. CXXVII), 2015, p. 59-75.<\/p>\n\n\n\n<p>JUNEAU, Thomas, <em>Le Y\u00e9men en guerre<\/em>, Montr\u00e9al, Presses de l\u2019universit\u00e9 de Montr\u00e9al, 2021, 64 pages.<\/p>\n\n\n\n<p>LABB\u00c9, Pierrick, \u00ab Se pr\u00e9parer au pire : la d\u00e9fense civile et l\u2019ins\u00e9curit\u00e9 au Nouveau-Brunswick durant la Seconde Guerre mondiale \u00bb, <em>Acadiensis<\/em> 1 (vol. XLV), 2016, p. 24-44.<\/p>\n\n\n\n<p>MARIE, Jean-Jacques, <em>Histoire de la guerre civile russe : 1917-1922<\/em>, Paris, Tallandier, 2022, 432 pages.<\/p>\n\n\n\n<p>PELLISTRANDI, Beno\u00eet, \u00ab La guerre civile espagnole, une guerre in\u00e9luctable ? \u00bb, dans BAECHLER, Jean (dir.), <em>La Guerre civile<\/em>, Hermann, 2018, p. 261-268, disponible en ligne : <a href=\"https:\/\/shs.cairn.info\/la-guerre-civile--9782705695576-page-261?lang=fr\">https:\/\/shs.cairn.info\/la-guerre-civile&#8211;9782705695576-page-261?lang=fr<\/a>.<\/p>\n\n\n\n<p>P\u00c9REZ CARRERA, Jos\u00e9 Manuel, \u00ab The Novelized Memory of the Spanish Civil War Revisited \u00bb, <em>Rassegna Iberistica<\/em> 123, 2025.<\/p>\n\n\n\n<p>PERVILL\u00c9, Guy, <em>La guerre d\u2019Alg\u00e9rie : 1954-1962<\/em>, Paris, PUF (Que sais-je ?), 2024 (5e \u00e9dition corrig\u00e9e), 128 pages.<\/p>\n\n\n\n<p>REIMAN, Michael, \u00ab About the Russian Revolution of 1917 \u00bb<em>, About Russia, Its Revolution, Its Developments and Its Present, <\/em>Peter Lang AG, 2016, p.13-24, URL : <a href=\"http:\/\/www.jstor.org\/stable\/j.ctv2t4dn7.4\">http:\/\/www.jstor.org\/stable\/j.ctv2t4dn7.4<\/a>.\u00a0<\/p>\n\n\n\n<p>RICHARD, Elodie et VORMS, Charlotte, \u00ab Transition historiographique ? Retour sur quatre-vingts ans d\u2019histoire de l\u2019Espagne, de la Seconde R\u00e9publique \u00e0 la transition \u00bb, <em>Vingti\u00e8me si\u00e8cle, Revue d\u2019histoire<\/em> 127, 2015, p. 13-41, URL : <a href=\"http:\/\/www.jstor.org\/stable\/24674010\">http:\/\/www.jstor.org\/stable\/24674010<\/a>.\u00a0<\/p>\n\n\n\n<p>RIOT-SARCEY, Mich\u00e8le, <em>L\u2019\u00c9mancipation entrav\u00e9e : l\u2019id\u00e9al au risque des id\u00e9ologies du XXe si\u00e8cle<\/em>, Paris, La D\u00e9couverte, 2023, 424 pages.<\/p>\n\n\n\n<p>ROUSSELOT, Nathan, \u00ab Une l\u00e9gitimation contre-r\u00e9volutionnaire : Les diplomates fran\u00e7ais face \u00e0 l\u2019av\u00e8nement du g\u00e9n\u00e9ral Franco (1936-1937) \u00bb, <em>20 &amp; 21. Revue d\u2019histoire<\/em> 161, 2024, p. 13\u201128, URL : <a href=\"https:\/\/shs.cairn.info\/revue-vingt-et-vingt-et-un-revue-d-histoire-2024-1-page-13?lang=fr&amp;tab=premieres-lignes\">https:\/\/shs.cairn.info\/revue-vingt-et-vingt-et-un-revue-d-histoire-2024-1-page-13?lang=fr&amp;tab=premieres-lignes<\/a>.<\/p>\n\n\n\n<p>SAAVEDRA ARIAS, Rebeca, <em>Destruir y proteger : el patrimonio hist\u00f3rico-art\u00edstico durante la Guerra Civil (1936-1939)<\/em>, Santander, Ed. Universidad de Cantabria, 2016, 429 pages.<\/p>\n\n\n\n<p>SUMPF Alexandre, <em>La Grande Guerre oubli\u00e9e : Russie, 1914-1918<\/em>, Paris, Perrin, 2014, 527 pages.<\/p>\n\n\n\n<p>&#8211; \u00ab Les R\u00e9volutions du paysan russe \u00bb, <em>Vingti\u00e8me si\u00e8cle, Revue d\u2019histoire<\/em> 135, p. 103-116, URL : <a href=\"https:\/\/www.jstor.org\/stable\/26541337\">https:\/\/www.jstor.org\/stable\/26541337<\/a>.\u00a0<\/p>\n\n\n\n<p>TODOROVA Maria, <em>Le poids du pass\u00e9. Les Balkans et le XX\u1d49 si\u00e8cle<\/em>, Paris, CNRS \u00c9ditions, 2011, 352 pages.<\/p>\n\n\n\n<p class=\"has-text-align-center\" style=\"line-height:1.5\"><strong>Guerres civiles, XXI<sup>e<\/sup> si\u00e8cle<\/strong><\/p>\n\n\n\n<p>BATCHOM, Paul Elvic, \u00ab La guerre civile \u201dtransfrontali\u00e8re\u201d : note introductive et provisoire sur les fortunes contemporaines de la guerre civile \u00bb, <em>Politique et Soci\u00e9t\u00e9s<\/em> 1 (vol. XXXV), 2016, p. 103-123.<\/p>\n\n\n\n<p>BALANCHE, Fabrice, \u00ab Syrie : un sc\u00e9nario \u00e0 la yougoslave \u00bb, <em>Diplomatie<\/em> 76, 2015, p. 8-13, URL : <a href=\"https:\/\/www.jstor.org\/stable\/26982590\">https:\/\/www.jstor.org\/stable\/26982590<\/a>.\u00a0<\/p>\n\n\n\n<p>BACZKO, Adam, et DORRONSORO, Gilles, \u00ab La souverainet\u00e9 fragment\u00e9e. Intervention internationale et guerre civile en Afghanistan apr\u00e8s 2001 \u00bb<em>, Soci\u00e9t\u00e9 politiques compar\u00e9es<\/em> 50, 2020, URL : <a href=\"https:\/\/sciencespo.hal.science\/hal-02951015v1\/document\">https:\/\/sciencespo.hal.science\/hal-02951015v1\/document<\/a>.<\/p>\n\n\n\n<p>BACZKO, Adam, DORRONSORO, Gilles et QUESNAY Arthur, <em>Syrie &#8211; Anatomie d\u2019une guerre civile,<\/em><em> <\/em>Paris, CNRS Edition, 2020, 416 pages.<\/p>\n\n\n\n<p>CASCIARRI, Barbara, AL-AMEEN AL-FAKI, Aroob et IBRAHIM AL-NOOR, Shereen, \u00ab Guerre ou r\u00e9volution ? Lire le conflit soudanais par un retour sur les Comit\u00e9s de R\u00e9sistance \u00bb<em>, Journal des anthropologues<\/em> 176-177, 2024, p.165-179, URL : <a href=\"https:\/\/shs.cairn.info\/revue-journal-des-anthropologues-2024-1-page-165?lang=fr\">https:\/\/shs.cairn.info\/revue-journal-des-anthropologues-2024-1-page-165?lang=fr<\/a>.<\/p>\n\n\n\n<p>CL\u00c9MENT, Karine, GORBACH, Denys, PEREKHODA, Hanna, SAMARY, Catherine, WOOD, Tony, <em>L\u2019Invasion de l\u2019Ukraine: Histoires, conflits et r\u00e9sistances populaires<\/em>, La Dispute, 2022, 223 pages, URL\u202f: <a href=\"https:\/\/www.cairn.info\/la-dispute-hors-collection-2022--9782843033285.htm\">https:\/\/www.cairn.info\/la-dispute-hors-collection-2022&#8211;9782843033285.htm<\/a>.<\/p>\n\n\n\n<p>COLIN LEBEDEV, Anna, <em>Jamais fr\u00e8res\u202f? Ukraine et Russie\u202f: une trag\u00e9die postsovi\u00e9tique<\/em>, Paris, \u00c9ditions du Seuil, 2022, 228 pages.<\/p>\n\n\n\n<p>&#8211; <em>Le c\u0153ur politique des m\u00e8res. Analyse du mouvement des m\u00e8res de soldats en Russie, <\/em>Paris, \u00c9ditions de l\u2019EHESS, 2013, 248 pages.<\/p>\n\n\n\n<p>&#8211; \u00ab Sur le qui-vive. Parcours combattant et red\u00e9finition du rapport \u00e0 l\u2019\u00c9tat en Ukraine entre 2014 et 2022 \u00bb, <em>Revue fran\u00e7aise de science politique<\/em> 6 (vol. 73), 2023, p. 809-830.<\/p>\n\n\n\n<p>DEWEL, Serge, \u00ab Le conflit du Tigr\u00e9 (Ethiopie) : une \u201cguerre civile\u201d, vraiment ? \u00bb, <em>Monde commun<\/em> 8, 2023, p.98-113.<\/p>\n\n\n\n<p>GOURIELLEC (le), Sonia, \u00ab Ethiopie : dynamiques de la guerre civile \u00bb, <em>Politique \u00e9trang\u00e8re<\/em> 1 (vol. 87), 2022, p.97-107.<\/p>\n\n\n\n<p>GRASSIER, Marine, \u00ab L\u2019\u00c9thiopie face \u00e0 la guerre civile : le r\u00eave bris\u00e9 \u00bb, <em>Diplomatie <\/em>117, p. 78-81, URL : <a href=\"https:\/\/www.jstor.org\/stable\/48682715\">https:\/\/www.jstor.org\/stable\/48682715<\/a>.\u00a0<\/p>\n\n\n\n<p>GRELLET, Gilbert, <em>Un hiver impitoyable &#8211; L\u2019Espagne sous la botte de Franco, <\/em>Paris, Du Net, 2025, 242 pages.<\/p>\n\n\n\n<p>HUBRECHT, Jo\u00ebl, \u00ab Syrie : une justice hors de port\u00e9e ? \u00bb, <em>Esprit<\/em> 435, p. 44-56, URL : <a href=\"http:\/\/www.jstor.org\/stable\/44290519\">http:\/\/www.jstor.org\/stable\/44290519<\/a>.\u00a0<\/p>\n\n\n\n<p>LEENDERS, Reinoud, <em>Fragments de Syrie. Anatomie d\u2019une guerre civile<\/em>, Paris, Actes Sud, 2019.<\/p>\n\n\n\n<p>MARCHAL, Roland, \u00ab Le Somaliland : Trajectoire singuli\u00e8re d\u2019une r\u00e9gion somalie dans la guerre civile \u00bb, <em>Diplomatie<\/em> 94, 2018, p. 28-32, URL : <a href=\"https:\/\/www.jstor.org\/stable\/26983225\">https:\/\/www.jstor.org\/stable\/26983225<\/a>.\u00a0<\/p>\n\n\n\n<p>&#8211; <em>Les guerres du Sahel<\/em>, Paris, CNRS \u00c9ditions, 2022.<\/p>\n\n\n\n<p>&#8211; \u00ab La guerre civile au Soudan : nature, statut g\u00e9opolitique et impact r\u00e9gional \u00bb<em>, H\u00e9rodote<\/em> 176-177, 2025, p.223-239.<\/p>\n\n\n\n<p>MEGERISI, Tarek, \u00ab Les Enjeux G\u00e9ostrat\u00e9giques de la Guerre Civile en Lybie \u00bb<em>, <\/em>Africa Center for Strategic Studies, 2020, URL : <a href=\"https:\/\/africacenter.org\/fr\/publication\/les-enjeux-geostrategiques-de-la-guerre-civile-en-libye\/\">https:\/\/africacenter.org\/fr\/publication\/les-enjeux-geostrategiques-de-la-guerre-civile-en-libye\/<\/a>.<\/p>\n\n\n\n<p>MERMIER, Franck, et MONSUTTI, Alessandro (dir), <em>Guerre civile ?, <\/em> Paris, PUF, 2023, 196 pages.<\/p>\n\n\n\n<p>NAMAME, Farid, \u00ab &#8220;La guerre d\u2019Alg\u00e9rie\u201d comme Lieu de M\u00e9moire dans la Litt\u00e9rature Alg\u00e9rienne Postcoloniale \u00bb, <em>Dalhousie French Studies<\/em> 110, 2016, p. 83-91.<\/p>\n\n\n\n<p>PETITEVILLE, Franck, \u00ab Diplomatie et guerre civile \u00bb, <em>Pouvoirs<\/em> 188, 2024, p. 83-93.<\/p>\n\n\n\n<p>VERMEREN, Pierre, \u00ab Anarchie en Lybie \u00bb, <em>Esprit<\/em> 418, 2015, p. 119-121, URL : <a href=\"http:\/\/www.jstor.org\/stable\/24470287\">http:\/\/www.jstor.org\/stable\/24470287<\/a>.\u00a0<\/p>\n\n\n\n<p>VERON, Jean-Bernard, \u00ab La Somalie, Sisyphe moderne ? \u00bb, <em>Politique \u00c9trang\u00e8re<\/em> 3 (vol. 80), p. 147-160, URL : <a href=\"http:\/\/www.jstor.org\/stable\/24638790\">http:\/\/www.jstor.org\/stable\/24638790<\/a>.\u00a0<\/p>\n\n\n\n<p>YADAV, Stacey Philbrick, \u00ab The \u201cYemen Model\u201d as a Failure of Political Imagination \u00bb<em>, International Journal of Middle East Studies<\/em> 1 (vol. 47), 2015, p.144-147, URL : <a href=\"http:\/\/www.jstor.org\/stable\/43997929\">http:\/\/www.jstor.org\/stable\/43997929<\/a>.\u00a0<\/p>\n\n\n\n<p class=\"has-text-align-center\"><strong>TH\u00c9MATIQUES TRANSVERSALES <\/strong><\/p>\n\n\n<div class=\"wp-block-image\">\n<figure class=\"aligncenter size-large is-resized\"><img loading=\"lazy\" decoding=\"async\" width=\"744\" height=\"1024\" src=\"https:\/\/memostasis.parisnanterre.fr\/wp-content\/uploads\/2025\/09\/960px-Peter_Paul_Rubens_-_Cain_slaying_Abel_Courtauld_Institute-744x1024.jpg\" alt=\"\" class=\"wp-image-165\" style=\"width:278px;height:auto\" srcset=\"https:\/\/memostasis.parisnanterre.fr\/wp-content\/uploads\/2025\/09\/960px-Peter_Paul_Rubens_-_Cain_slaying_Abel_Courtauld_Institute-744x1024.jpg 744w, https:\/\/memostasis.parisnanterre.fr\/wp-content\/uploads\/2025\/09\/960px-Peter_Paul_Rubens_-_Cain_slaying_Abel_Courtauld_Institute-218x300.jpg 218w, https:\/\/memostasis.parisnanterre.fr\/wp-content\/uploads\/2025\/09\/960px-Peter_Paul_Rubens_-_Cain_slaying_Abel_Courtauld_Institute-768x1057.jpg 768w, https:\/\/memostasis.parisnanterre.fr\/wp-content\/uploads\/2025\/09\/960px-Peter_Paul_Rubens_-_Cain_slaying_Abel_Courtauld_Institute.jpg 960w\" sizes=\"auto, (max-width: 744px) 100vw, 744px\" \/><\/figure>\n<\/div>\n\n\n<p class=\"has-text-align-center has-small-font-size\">Rubens, <em>Ca\u00efn tuant Abel<\/em>, huile sur toile, 1608-1609 (\u00a9Courtauld Institute)<\/p>\n\n\n\n<p class=\"has-text-align-center\"><strong>Religion<\/strong><\/p>\n\n\n\n<p>BERNAT, Chrystel, \u00ab Guerres au nom de Dieu. Justifications sourdes de la violence et l\u00e9gitimations fratricides au tournant du Grand Si\u00e8cle \u00bb, dans ENCREV\u00c9, Andr\u00e9, FABRE, R\u00e9mi, et PENEAU, Corinne (dir.), <em>Guerre juste, juste guerre. Les justifications religieuses et profanes de la guerre de l\u2019Antiquit\u00e9 au XXI<\/em><em><sup>e<\/sup><\/em><em>si\u00e8cle<\/em>, Pompignac, Bi\u00e8re, 2013, p. 201-220.<\/p>\n\n\n\n<p>CALLARD, Caroline, DEBBAGI-BARANOVA, Tatiana et LE ROUX, Nicolas (dir.), <em>Une tragique<\/em> <em>XVI<sup>e<\/sup><\/em><em>si\u00e8cle. M\u00e9langes offerts \u00e0 Denis Crouzet<\/em>, Paris, Champ Vallon, 2022, 432 pages.<\/p>\n\n\n\n<p>CARPI, Olivia, <em>Les guerres de religion (1559-1598). Un conflit franco-fran\u00e7ais<\/em>, Paris, Ellipses, 2012, 719 pages.<\/p>\n\n\n\n<p>&#8211; \u00ab Une r\u00e9conciliation rat\u00e9e ? Amiens au sortir de la Ligue (1594-1610) \u00bb, dans DE WAELE, Michel, (dir.),<em>Lendemains de guerre civile. R\u00e9conciliations et restaurations en France sous Henri IV<\/em>, Paris, Hermann, 2015, p. 39-68.<\/p>\n\n\n\n<p>&#8211; \u00ab L\u2019union des villes catholiques de Picardie \u00bb, dans BRUNET, Serge (dir.), <em>La Sainte Union des catholiques de France et la fin des guerres de Religion (1585-1629)<\/em>, Paris, Garnier, 2016, p. 95-112.\u00a0<\/p>\n\n\n\n<p>CASSAN, Michel, \u00ab La guerre en discours : l\u2019ann\u00e9e 1589 en France \u00bb, dans FOA, J\u00e9r\u00e9mie, et MELLET, Paul-Alexis (dir.), <em>Le Bruit des armes. Mises en forme et d\u00e9sinformations en Europe pendant les guerres de Religion, 1560-1610<\/em>, Paris, Honor\u00e9 Champion, 2012, p. 259-275.<\/p>\n\n\n\n<p>CHRISTIN, Olivier, et KRUMENACKER, Yves (dir.), <em>Les Protestants \u00e0 l\u2019\u00e9poque moderne. Une approche anthropologique<\/em>, Rennes, PUR, 2017, 632 pages.<\/p>\n\n\n\n<p>CROUZET, Denis, <em>Les Enfants bourreaux au temps des guerres de Religion<\/em>, Paris, Albin Michel, 2020, 336 pages.<\/p>\n\n\n\n<p>DAIREAUX, Luc, \u00ab \u201cCeux de la R.P.R.\u201d : les protestants vus \u00e0 travers les actes royaux, XVIe-XVIIe si\u00e8cles \u00bb, dans BERNAT, Chrystel, et BOST, Hubert (dir.), <em>\u00c9noncer \/ D\u00e9noncer l\u2019autre. Discours et repr\u00e9sentations du diff\u00e9rend confessionnel \u00e0 l\u2019\u00e9poque moderne,<\/em> Turnhout, Brepols, 2012, p. 251-263.<\/p>\n\n\n\n<p>DAUBRESSE, Sylvie, et HAAN, Bertrand (dir.),\u00a0<em>La Ligue et ses fronti\u00e8res<\/em>, Presses universitaires de Rennes, 2015, 260 pages.<\/p>\n\n\n\n<p>&#8211; \u00ab Aux fronti\u00e8res de la Ligue \u00bb, dans DAUBRESSE, Sylvie, et HAAN, Bertrand (dir.), <em>La Ligue et ses fronti\u00e8res<\/em>, Rennes, Presses universitaires de Rennes, 2015, p. 7-18.<\/p>\n\n\n\n<p>DESARBRES, Paul-Victor, \u00ab Le d\u00e9tour de Constantinople : remarques sur l\u2019utilisation du th\u00e8me des croisades durant les guerres de religion chez Blaise de Vigen\u00e8re \u00bb, dans EGEDI-KOVACS, Emese (dir.),\u00a0<em>Byzance et l\u2019Occident V. Ianua Europae<\/em>, Budapest, Coll\u00e8ge E\u00f6tv\u00f6s J\u00f3zsef ELTE, 2019, p. 67-85.<\/p>\n\n\n\n<p>FLOOD, Christopher M., \u00ab La France satiris\u00e9e, satyris\u00e9e et fragment\u00e9e. L\u2019autorepr\u00e9sentation factionnelle au temps des guerres de Religion \u00bb, dans STEFANOVSKA, Malina, et PASCHOUD, Adrien (dir.), <em>Litt\u00e9rature et politique. Factions et dissidences de la Ligue \u00e0 la Fronde<\/em>, Paris, Classiques Garnier, 2015, 248 pages.<\/p>\n\n\n\n<p>FOA, J\u00e9r\u00e9mie, et MELLET, Paul-Alexis (dir.), <em>Le Bruit des armes. Mises en formes et d\u00e9sinformations en Europe pendant les guerres de Religion (1560-1610)<\/em>, Paris, H. Champion, 2012, 432 pages.<\/p>\n\n\n\n<p>&#8211; \u00ab Une politique de l\u2019oubliance ? M\u00e9moire et oubli pendant les guerres de religion \u00bb, <em>Ast\u00e9rion<\/em> 15, Lyon, ENS \u00c9ditions, 2016.\u00a0<\/p>\n\n\n\n<p>FOA J\u00e9r\u00e9mie, <em>Le Tombeau de la paix. Une histoire des \u00e9dits de pacification, 1560-1572<\/em>, Limoges, PULIM, 2015, 546 pages.<\/p>\n\n\n\n<p>&#8211; <em>Tous ceux qui tombent : visages du massacre de la Saint-Barth\u00e9lemy<\/em>, Paris, La D\u00e9couverte, 2021, 360 pages.<\/p>\n\n\n\n<p>&#8211; <em>\u00ab <\/em>Survivre dans l\u2019hostilit\u00e9 du familier\u202f: le cas des guerres de Religion (1562-1598) \u00bb, dans DELUERMOZ, Quentin, et FOA, J\u00e9r\u00e9mie (dir.), <em>Les \u00c9preuves de la Guerre Civile<\/em>, Paris, \u00c9ditions de la Sorbonne, 2022, p. 57-68.<\/p>\n\n\n\n<p>&#8211; \u00ab La Saint-Barth\u00e9lemy aura-t-elle lieu ? Arr\u00eater les massacres de l\u2019\u00e9t\u00e9 1572 \u00bb, <em>Cahiers de recherches m\u00e9di\u00e9vales et humanistes<\/em> 24, 2012, p. 251-266.<\/p>\n\n\n\n<p>&#8211; \u00ab Les acteurs des guerres de Religion furent-ils des protagonistes ? \u00bb, <em>Politix<\/em> 28, 2015, p. 111-130.<\/p>\n\n\n\n<p>&#8211; <em>Survivre. Une histoire des guerres de Religion<\/em>, Paris, Seuil, 2024, 352 pages.<\/p>\n\n\n\n<p>&#8211;\u00a0\u00ab Retour \u00e0 Lectoure. Un pacte d\u2019amiti\u00e9 entre catholiques et protestants au d\u00e9but du XVII<sup>e<\/sup> si\u00e8cle \u00bb, dans SALESSE, Fabien (dir.), <em>Le bon historien sait faire parler les silences. Hommages \u00e0 Thierry Wanegffelen<\/em>, Toulouse, M\u00e9ridiennes, 2012, p. 331-358.<\/p>\n\n\n\n<p>&#8211; \u00ab Pacification n\u2019est pas r\u00e9conciliation. La paix comme poursuite de la guerre par d\u2019autres moyens au lendemain des guerres de religion \u00bb, dans BEN HOUNET, Yazid, LEFRANC, Sandrine, et PUCCIO-DEN, Deborah (dir.), <em>Justice, religion, r\u00e9conciliation<\/em>, Paris, L\u2019Harmattan, 2014, p. 121-134.<\/p>\n\n\n\n<p>&#8211; \u00ab Du nom dit au non-dit. Sortir de la guerre par l\u2019implicite au temps des troubles de Religion (vers 1562-vers 1598) \u00bb, dans GENET, Jean-Philippe (dir.), <em>La L\u00e9gitimit\u00e9 implicite. Le pouvoir symbolique en Occident (1300-1640)<\/em>, Rome, \u00c9cole Fran\u00e7aise de Rome, 2015, p. 361-378.<\/p>\n\n\n\n<p>&#8211; \u00ab Temps des troubles et troubles du temps. L\u2019enjeu de la datation dans la pacification du royaume (1562-1598) \u00bb, dans BONIN, Pierre, COSANDEY, Fanny, HADDAD, Elie, et ROUSSELET-PIMON, Anne (dir.), <em>\u00c0 la crois\u00e9e des temps. Approches d\u2019histoire politique, juridique et sociale<\/em>, Rennes, Presses Universitaires de Rennes, 2016, p. 19-30.<\/p>\n\n\n\n<p>HAMON, Philippe, \u00ab Paradoxes de l&#8217;ordre et logiques fragmentaires : une province entre en guerre civile (Bretagne, 1589) \u00bb, <em>Revue historique<\/em> 671, 2014\/3, p. 597-628.<\/p>\n\n\n\n<p>&#8211; \u00ab Pourquoi nous combattons. R\u00e9flexions sur l&#8217;engagement des communaut\u00e9s rurales dans les guerres de la Ligue \u00bb dans DAUBRESSE, Sylvie et HAAN, Bertrand (dir.),\u00a0 <em>La Ligue et ses fronti\u00e8res<\/em>, Rennes, Presses universitaires de Rennes, 2015, p. 95-109.<\/p>\n\n\n\n<p>HEALEY Jonathan, <em>The Blood in Winter: England on the Brink of Civil War, 1642<\/em>, London, Bloomsbury Academic, 2025, 432 pages<\/p>\n\n\n\n<p>JOBLIN, Alain, \u00ab Les guerres de Religion sur la fronti\u00e8re : le cas du Boulonnais en 1567 et 1587-1588 \u00bb, dans B\u00c9THOUART, Bruno, et BONIFACE, Xavier (dir.)<em>, Les chr\u00e9tiens, la guerre et la paix<\/em>, Rennes, Presses universitaires de Rennes, 2012, 133-142.<\/p>\n\n\n\n<p>JOUANNA, Arlette, <em>Les Guerres de religion<\/em>, Paris, Gallimard, 1998.<\/p>\n\n\n\n<p>JUNOT, Yves, \u00ab Les milices bourgeoises au temps des guerres civiles. Force de d\u00e9stabilisation ou instrument de pacification de la soci\u00e9t\u00e9 urbaine ? (Valenciennes, anciens Pays-Bas espagnols, 1560-1600) \u00bb, dans IBANEZ, Jos\u00e9 Javier Ruiz, et Serge Brunet (dir.), <em>Les milices dans la premi\u00e8re modernit\u00e9<\/em>, Rennes, Presses universitaires de Rennes, 2015, p. 35-46.<\/p>\n\n\n\n<p>LABOURDETTE, Jean-Fran\u00e7ois, <em>Charles IX et la puissance espagnole. Diplomatie et guerres civiles (1563-1574)<\/em>, Paris, Honor\u00e9 Champion, 2013, 720 pages.<\/p>\n\n\n\n<p>LEROUX, Nicolas, <em>Guerres et paix de Religion, 1559-1598<\/em>, Paris, Belin, 2014, 607 pages.<\/p>\n\n\n\n<p>&#8211; \u00ab Couples en guerres de Religion \u00bb, <em>Parlement[s], Revue d\u2019histoire politique<\/em> 30, 2019, p. 25-42.<\/p>\n\n\n\n<p>&#8211; \u00ab Les guerres de religion ont bien eu lieu \u00bb, dans BARJOT, Dominique, BELLAVITIS, Anna, HAAN, Bertrand, et FEIRTAG, Olivier (dir.), <em>Regards crois\u00e9s sur l\u2019historiographie fran\u00e7aise aujourd\u2019hui<\/em>, Paris, SPM, 2020, p. 63-75.<\/p>\n\n\n\n<p>&#8211; \u00ab Factions et associations nobiliaires \u00e0 la naissance de la Ligue \u00bb, dans STEFANOVSKA, Malina, et PASCHOUD, Adrien (dir.), <em>Litt\u00e9rature et politique. Factions et dissidences de la Ligue \u00e0 la Fronde<\/em>, Paris, Classiques Garnier, 2015.<\/p>\n\n\n\n<p>&#8211; \u00ab &#8220;Il est impossible de tenir les langues des hommes brid\u00e9es&#8221;. Opinion commune et autorit\u00e9 monarchique au temps des troubles de religion \u00bb, dans BOURQUIN, Laurent, HAMON, Philippe, KARILA-COHEN, Pierre, et MICHON, C\u00e9dric (dir.), <em>S\u2019exprimer en temps de trouble. Conflits, opinion(s) et politisation de la fin du Moyen \u00c2ge au d\u00e9but du XXe si\u00e8cle<\/em>, Rennes, Presses Universitaires de Rennes, 2012, p. 63-78.<\/p>\n\n\n\n<p>&#8211; \u00ab Mettre la main \u00e0 la plume. Information, mobilisation et conciliation \u00e0 l\u2019aube de la Ligue \u00bb, dans FOA, J\u00e9r\u00e9mie, et MELLET, Paul-Alexis (dir.), <em>Le bruit des armes. Mises en forme et d\u00e9sinformations en Europe pendant les guerres de Religion, 1560-1610<\/em>, Paris, Honor\u00e9 Champion, 2012, p. 233-257.<\/p>\n\n\n\n<p>&#8211; \u00ab Rivalit\u00e9s nobiliaires, solidarit\u00e9s urbaines et mobilisation catholique. La Ligue dans le centre du royaume (Berry, Orl\u00e9anais, Touraine) \u00bb, dans BRUNET, Serge (dir.), <em>La Sainte Union des catholiques de France et la fin des guerres de Religion (1585-1629)<\/em>, Paris, Garnier, 2016, p. 51-93.<\/p>\n\n\n\n<p>&#8211; \u00ab Le roi, le pardon et l\u2019oubli. Faire la paix au temps des guerres de Religion \u00bb, dans SCHEID-TISSINIER, \u00c9velyne et RENTET, Thierry (dir.), <em>Figures politiques du pardon. De l\u2019Antiquit\u00e9 \u00e0 la Renaissance<\/em>, Paris, Nolin, 2011, p. 151-177.<\/p>\n\n\n\n<p>MARTYSHEVA, Lana, \u00ab La violence (in-)acceptable : seuil de sensibilit\u00e9 et perception ext\u00e9rieure de la premi\u00e8re guerre de Religion \u00bb, dans CALLARD, Caroline, DEBBAGI-BARANOVA, Tatiana, et LE ROUX, Nicolas (dir.), <em>Un tragique<\/em> <em>XVI<sup>e<\/sup><\/em><em>si\u00e8cle. M\u00e9langes offerts \u00e0 Denis Crouzet<\/em>, Ceyz\u00e9rieu, Champ Vallon, 2022, p. 278-282.<\/p>\n\n\n\n<p>&#8211; \u00ab La dispute en ab\u00eeme \u00bb, dans FABRE, Pierre Antoine, et FOA, J\u00e9r\u00e9mie (dir.), <em>Les Disputes et la conversion religieuse de l\u2019Antiquit\u00e9 au XVIIe si\u00e8cle<\/em>, Renes,\u00a0 Presses universitaires de Rennes, 2022, p. 163-174.<\/p>\n\n\n\n<p>&#8211; \u00ab\u00a0 La dispute aura-t-elle lieu ? Les conf\u00e9rences th\u00e9ologiques en France au sortir des guerres de Religion \u00bb, dans BOUHA\u00cfK-GIRONES, Marie, DEBAGGI-BARANOVA, Tatiana, et SZCZECH, Nathalie (dir.), <em>Usages et strat\u00e9gies pol\u00e9miques en Europe au temps de l\u2019humanisme (XIVe-premier XVIIe si\u00e8cles)<\/em>, Bruxelles, Peter Lang, 2016, p. 301-312.<\/p>\n\n\n\n<p>MICALLEF, Fabrice, \u00ab Guerre civile et \u00e9preuve d\u00e9lib\u00e9rative. Les assembl\u00e9es proven\u00e7ales au d\u00e9but des troubles de la Ligue (1585-1588) \u00bb, <em>Revue d\u2019histoire moderne et contemporaine<\/em> 62-1, 2015\/1, p. 127-146.\u00a0<\/p>\n\n\n\n<p>M\u00dcHLING, Christian, <em>Le d\u00e9bat europ\u00e9en sur la guerre de religion (1679-1714). M\u00e9moire confessionnelle et politique internationale \u00e0 l&#8217;\u00e9poque de Louis XIV<\/em>, Paris, Honor\u00e9 Champion, 2021, 626 pages.<\/p>\n\n\n\n<p>NICOLLIER, B\u00e9atrice, \u00ab &#8220;Certains brodent, inventent des combats, des si\u00e8ges de villes, des morts d\u2019hommes illustres&#8230;&#8221; : information de guerre en Allemagne pendant la seconde et la troisi\u00e8me guerres de religion \u00bb, dans FOA, J\u00e9r\u00e9mie, et MELLET, Paul-Alexis (dir.), <em>Le Bruit des armes. Mises en forme et d\u00e9sinformations en Europe pendant les guerres de Religion, 1560-1610<\/em>, Paris, Honor\u00e9 Champion, 2012, p. 383-395.<\/p>\n\n\n\n<p>REASON Akela, <em>Politics and Memory: Civil War Monuments in Gilded Age New York<\/em>, New Haven, Yale University Press, 2025, 304 pages.<\/p>\n\n\n\n<p>ROUSSEL, Diane, <em>Violences et passions dans le Paris de la Renaissance<\/em>, Seyssel, Champ Vallon, 2012, 396 pages.<\/p>\n\n\n\n<p>&#8211; \u00ab L\u2019espace public comme enjeu des guerres de Religion et de la paix civile. R\u00e9flexions sur la notion d\u2019espace public et ses m\u00e9tamorphoses \u00e0 Paris au XVIe si\u00e8cle \u00bb, dans BOUCHERON, Patrick, et OFFENSTADT, Nicolas (dir.), <em>L\u2019espace public au Moyen \u00c2ge. D\u00e9bats autour de J\u00fcrgen Habermas<\/em>, Paris, Presses Universitaires de France, 2011, p. 131-146.\u00a0<\/p>\n\n\n\n<p>SOURIAC, Pierre-Jean, \u00ab De l\u2019adversaire religieux \u00e0 celui du contraire parti. D\u00e9signer son adversaire durant les guerres de religion \u00bb, dans BERNAT, Chrystel, et BOST, Hubert (dir.), <em>\u00c9noncer\/d\u00e9noncer l\u2019autre. Discours et repr\u00e9sentations du diff\u00e9rend confessionnel \u00e0 l\u2019\u00e9poque moderne<\/em>, Bruxelles, Brepols, 2012, p. 223-242.<\/p>\n\n\n\n<p>STEFANOVSKA, Malina, et PASCHOUD, Adrien (dir.), <em>Litt\u00e9rature et politique. Factions et dissidences de la Ligue \u00e0 la Fronde<\/em>, Paris, Classiques Garnier, 2015, 248 pages.<\/p>\n\n\n\n<p>WAELE Michel (de) (dir.), <em>Lendemains de guerre civile. R\u00e9conciliations et restaurations en France sous Henri IV<\/em>, Paris, Hermann, 2015, 268 pages.<\/p>\n\n\n\n<p>&#8211; <em>R\u00e9concilier les Fran\u00e7ais: la fin des guerres de religion 1589-1598<\/em>, Les Presses de l&#8217;Universit\u00e9 Laval, 2010, 380 pages.<\/p>\n\n\n\n<p>&#8211; \u00ab Le cadavre du conspirateur : peur, col\u00e8re et d\u00e9fense de la communaut\u00e9 \u00e0 l\u2019\u00e9poque de la Saint-Barth\u00e9lemy \u00bb, <em>Revue d\u2019histoire moderne &amp; contemporaine<\/em> 64-1, 2017\/1, p. 97-115.\u00a0<\/p>\n\n\n\n<p>\u00ab \u201cNos huguenots ont icy cabale puissante\u201d : les hugenots, l\u2019Angleterre et les Provinces-Unies (1621-1622) \u00bb, dans GELLARD, Matthieu, et MICALLEF, Fabrice (dir),\u00a0 <em>Diplomaties rebelles. Huguenots, Malcontents et ligueurs sur la sc\u00e8ne internationale (1562-1629)<\/em>, Rennes, Presses universitaires de Rennes, 2022, p. 209-225.<\/p>\n\n\n\n<p>&#8211; \u00ab Une loi, une foi, un roi : tol\u00e9rance et concorde en Nouvelle-France \u00e0 l\u2019\u00e9poque d\u2019Henri IV\u00bb, <em>Bulletin d\u2019histoire politique<\/em> 2 (vol. 27), 2019, p. 15-33.<\/p>\n\n\n\n<p>&#8211; \u00ab Conflit civil et relations inter\u00e9tatiques dans la France d&#8217;Ancien R\u00e9gime: La r\u00e9volte de Gaston d&#8217;Orl\u00e9ans, 1631-1632\u00bb, <em>French Historical Studies<\/em> 4 (vol. 37), 2014, p. 565-598.<\/p>\n\n\n\n<p class=\"has-text-align-center\"><strong>Alt\u00e9rit\u00e9<\/strong><\/p>\n\n\n\n<p>AUDOIN-ROUZEAU, St\u00e9phane, <em>Quelle histoire. Un r\u00e9cit de filiation (1914-2014)<\/em>, Paris, Points, 2015, 224 pages.<\/p>\n\n\n\n<p>BRANCHE, Rapha\u00eblle, <em>Papa, qu&#8217;as-tu fait en Alg\u00e9rie ? Enqu\u00eate sur un silence familial<\/em>, Paris, La D\u00e9couverte, 2020, 511 pages.<\/p>\n\n\n\n<p>CARON, Jean-Claude, <em>Fr\u00e8res de sang. La guerre civile en France au XIXe si\u00e8cle<\/em>, Seyssel, Champ Vallon, 2009, 305 pages.<\/p>\n\n\n\n<p>&#8211; \u00ab Ind\u00e9passable fratricide. R\u00e9flexions sur la guerre civile en France et ailleurs \u00bb<em>, Cit\u00e9s<\/em> 50, 2012, p. 39-47, URL : <a href=\"https:\/\/shs.cairn.info\/revue-cites-2012-2-page-39?lang=fr\">https:\/\/shs.cairn.info\/revue-cites-2012-2-page-39?lang=fr<\/a>.<\/p>\n\n\n\n<p>CEROVIC, Masha, \u00ab Familles et patries en guerre : Retisser la loyaut\u00e9 des combattants sovi\u00e9tiques (1941-1945) \u00bb, <em>Annales, Histoire, Sciences Sociales<\/em> 2 (77e ann\u00e9e), 2022, p. 233-262.<\/p>\n\n\n\n<p>&#8211; <em>Les enfants de Staline. La guerre des partisans sovi\u00e9tiques (1941-1944), <\/em>Paris, Seuil, 2018, 384 pages.<\/p>\n\n\n\n<p>CHRISTIN, Olivier et GHERMANI, Na\u00efma, \u00ab Guerre de Trente Ans. Refonder le droit des gens \u00bb, <em>L\u2019Histoire<\/em> 521-522, 2024, p. 40\u201146.<\/p>\n\n\n\n<p>DUMAS, H\u00e9l\u00e8ne, <em>Sans ciel ni terre, <\/em>Paris, La D\u00e9couverte, 2019, 307 pages.<\/p>\n\n\n\n<p class=\"has-text-align-left\">DUPONT, Alexandre, \u00ab Contre-r\u00e9volutionnaires de tous les pays\u2026 Bilan d\u2019\u00e9tape sur l\u2019internationale blanche \u00bb, <em>Revue d\u2019histoire du XIXe si\u00e8cle<\/em> 61, 2020, p. 195\u2011212.<\/p>\n\n\n\n<p>FOA, J\u00e9r\u00e9mie, <em>Tous ceux qui tombent. Visages du massacre de la Saint-Barth\u00e9l\u00e9my, <\/em>Paris, La D\u00e9couverte, 2021, 360 pages.<\/p>\n\n\n\n<p>LARCHER, Laurent, <em>Papa qu\u2019est ce qu\u2019on a fait au Rwanda ?, <\/em>Paris, Seuil, 2024, 160 pages.<\/p>\n\n\n\n<p>RAHAL, Malika et RICEPUTI, Fabrice, \u00ab La disparition forc\u00e9e durant la Guerre d\u2019Ind\u00e9pendance alg\u00e9rienne. Le projet Mille autres, ou les disparus de la \u201cbataille d\u2019Alger\u201d (1957) \u00bb<em>, Annales, Histoire, Sciences sociales<\/em> 2 (77e ann\u00e9e), 2022, p. 263-289.<\/p>\n\n\n\n<p>RUSSELL, Jacoby, <em>Bloodlust : On the roots of violence from Cain and Abel to the present, <\/em>New York, Free Press, 2011, 256 pages.<\/p>\n\n\n\n<p class=\"has-text-align-center\"><strong>Violences extr\u00eames<\/strong><\/p>\n\n\n\n<p>BUTLER, Judith, <em>La force de la non-violence. Un lien \u00e9thique et politique<\/em>, trad. M. Poma, Paris, Fayard, 2021, 256 pages.<\/p>\n\n\n\n<p>CAVARERO, Adriana, <em>Horrorisme. Nommer la violence contemporaine<\/em>, trad. Guillaume Le Blanc, Paris, Bayard, 2009.<\/p>\n\n\n\n<p>CHEBLI, Denia, \u00ab Comment la violence politique p\u00e9n\u00e8tre-t-elle l\u2019intimit\u00e9 d\u2019un foyer ? \u00bb, <em>20 &amp; 21, Revue d\u2019Histoire<\/em> 151, 2021, p. 35-48, URL : <a href=\"https:\/\/shs.cairn.info\/revue-vingt-et-vingt-et-un-revue-d-histoire-2021-3-page-35?lang=fr\">https:\/\/shs.cairn.info\/revue-vingt-et-vingt-et-un-revue-d-histoire-2021-3-page-35?lang=fr<\/a>.<\/p>\n\n\n\n<p>DAS, Veena, <em>Life and Words: Violence and the Descent into the Ordinary<\/em>, Berkeley, University of California Press, 2007, 296 pages.<\/p>\n\n\n\n<p>GAYER, Laurent, \u00ab La \u201cnormalit\u00e9 de l\u2019anormal\u201d : recomposer le quotidien en situation de guerre civile \u00bb<em>, Critique international<\/em> 80, 2018, p. 181-190.<\/p>\n\n\n\n<p>GUIRIMAND, Antoine, \u00ab \u201dLa mort ne suffisait pas, il fallait les rendre d\u00e9go\u00fbtants\u201d : entretien avec J\u00e9r\u00e9mie Foa \u00bb, <em>Siggi : le magazine de sociologie<\/em> 8, 2024, p. 36-39.<\/p>\n\n\n\n<p>HAEGEL, Florence, \u00ab Chapitre douze. Violence politique, guerre civile, terrorisme, r\u00e9pression \u00bb, dans <em>La sciences politique<\/em>, Paris, Presses de Sciences Po, 2024, p. 333-355.<\/p>\n\n\n\n<p>INGRAO Christian, <em>La Promesse de l\u2019Est. Esp\u00e9rance nazie et g\u00e9nocide, 1939-1943, <\/em>Paris, Seuil, 2016, 480 pages.<\/p>\n\n\n\n<p>&#8211; <em>Le Soleil noir du paroxysme. Nazisme, violence de guerre, temps pr\u00e9sent, <\/em>Paris, Odile Jacob, 2021, 320 pages.<\/p>\n\n\n\n<p>KALYVAS, Stathis N., <em>The Logic of Violence in Civil War<\/em>, Cambridge, Cambridge University Press, 2006, 510 pages.<\/p>\n\n\n\n<p>LAZALI, Karima, <em>Le trauma colonial. Une enqu\u00eate sur les effets psychiques et politiques contemporains de l\u2019oppression coloniale en Alg\u00e9rie, <\/em>Paris, La D\u00e9couverte, 2018, 282 pages.<\/p>\n\n\n\n<p>MALE\u0160EVI\u0106, Sini\u0161a, <em>The Sociology of War and Violence<\/em>, Cambridge, Cambridge University Press, 2010, 376 pages.<\/p>\n\n\n\n<p>MARIN, Lou, \u00ab Pourquoi il n\u2019y a rien \u00e0 attendre des actions violentes \u00bb, <em>Alternatives Non-Violentes<\/em> 192, 2019, p. 6-7.<\/p>\n\n\n\n<p>MBEMBE, Achille, <em>Brutalisme,<\/em> Paris, La D\u00e9couverte, 2020, 246 pages.<\/p>\n\n\n\n<p>&#8211; <em>Politique de l\u2019inimit\u00e9, <\/em>Paris, La D\u00e9couverte, 2016, 181 pages.<\/p>\n\n\n\n<p>&#8211; <em>La Communaut\u00e9 terrestre, <\/em>Paris, La D\u00e9couverte, 2023, 208 pages. <\/p>\n\n\n\n<p>MICHAUD, Yves, <em>La violence<\/em>, Paris, Presses Universitaires de France, 2023, 128 pages.<\/p>\n\n\n\n<p>MILQUET, Sophie, \u00ab M\u00e9moire de guerre et traumatisme dans le roman contemporain : un style pour l\u2019histoire ? \u00bb, <em>Revue belge de philologie et d\u2019histoire<\/em> 3 (vol. XCV), 2017, p. 519-530, URL : <a href=\"https:\/\/www.persee.fr\/doc\/rbph_0035-0818_2017_num_95_3_9058\">https:\/\/www.persee.fr\/doc\/rbph_0035-0818_2017_num_95_3_9058<\/a>.<\/p>\n\n\n\n<p>STRAUS, Scott, <em>Fundamentals of Genocide and Mass Atrocity Prevention, <\/em>Washington, United States Holocaust Memorial Museum, 2016, 264 pages.\u00a0<\/p>\n\n\n\n<p>WALTER, Barbara, <em>How civil war start and how to stop them ?, <\/em>New York, Crown, 2022, 320 pages.<\/p>\n\n\n\n<p class=\"has-text-align-center\"><strong>Formes politiques<\/strong><\/p>\n\n\n<div class=\"wp-block-image\">\n<figure class=\"aligncenter size-large is-resized\"><img loading=\"lazy\" decoding=\"async\" width=\"1024\" height=\"666\" src=\"https:\/\/memostasis.parisnanterre.fr\/wp-content\/uploads\/2025\/09\/2025-09-26-17.39.43-1024x666.jpg\" alt=\"\" class=\"wp-image-169\" style=\"width:454px;height:auto\" srcset=\"https:\/\/memostasis.parisnanterre.fr\/wp-content\/uploads\/2025\/09\/2025-09-26-17.39.43-1024x666.jpg 1024w, https:\/\/memostasis.parisnanterre.fr\/wp-content\/uploads\/2025\/09\/2025-09-26-17.39.43-300x195.jpg 300w, https:\/\/memostasis.parisnanterre.fr\/wp-content\/uploads\/2025\/09\/2025-09-26-17.39.43-768x500.jpg 768w, https:\/\/memostasis.parisnanterre.fr\/wp-content\/uploads\/2025\/09\/2025-09-26-17.39.43.jpg 1392w\" sizes=\"auto, (max-width: 1024px) 100vw, 1024px\" \/><\/figure>\n<\/div>\n\n\n<p class=\"has-text-align-center\"><\/p>\n\n\n\n<p>AGAMBEN, Giorgio, <em>Stasis : La guerre civile comme paradigme politique<\/em>, trad. Franck Berardi, Paris, Seuil, 2015, 96 pages.<\/p>\n\n\n\n<p>BALIBAR, \u00c9tienne, <em>Cosmopolitique : des fronti\u00e8res \u00e0 l\u2019esp\u00e8ce humaine<\/em>, Paris, La D\u00e9couverte, 2022, 495 pages.<\/p>\n\n\n\n<p>BALIBAR, \u00c9tienne, <em>Nous, citoyens d\u2019Europe ? Les fronti\u00e8res, l\u2019\u00c9tat, le peuple<\/em>, Paris, La D\u00e9couverte, 2001, 322 pages.<\/p>\n\n\n\n<p>BERTHO, Alain, <em>De l\u2019\u00e9meute \u00e0 la d\u00e9mocratie<\/em>, Paris La Dispute, 2024, 192 pages.<\/p>\n\n\n\n<p>CHAUDET, Chlo\u00e9, \u00ab De l\u2019indissociabilit\u00e9 du litt\u00e9raire &amp; du politique\u202f: l\u2019entre-deux-guerres, terrain d\u2019exp\u00e9rimentation pour le roman engag\u00e9 \u00bb, <em>Acta Fabula<\/em> 6 (vol. 17), 2016, URL \u202f: <a href=\"https:\/\/www.fabula.org\/acta\/document9945.php\">https:\/\/www.fabula.org\/acta\/document9945.php<\/a>.<\/p>\n\n\n\n<p>CHR\u00c9TIEN, Jean-Pierre, <em>Le D\u00e9fi de l\u2019ethnisme. Rwanda et Burundi : 1990\u20131996<\/em>, Paris, Karthala, 1997, 466 pages.<\/p>\n\n\n\n<p>CHRISTIN, Olivier, <em>La Cause des autres\u00a0: Une histoire du d\u00e9vouement politique<\/em>, Paris, Presses Universitaires de France, 2021, 319 pages, URL \u202f: <a href=\"https:\/\/www.cairn.info\/puf-hors-collection-2021--9782130830122.htm\">https:\/\/www.cairn.info\/puf-hors-collection-2021&#8211;9782130830122.htm<\/a>.<\/p>\n\n\n\n<p>DA COSTA, Ma\u00edra Dos Santos Matthes, \u00ab La th\u00e9orie r\u00e9visionniste de la guerre juste et la d\u00e9politisation de la guerre \u00bb, <em>Philosophiques<\/em> 2 (vol. XLIX), 2023, p. 499-510.<\/p>\n\n\n\n<p>DUPONT, Dominique, <em>Femmes d\u2019Espagne dans la Guerre Civile, <\/em>Paris, Complicites, 2024, 370 pages.<\/p>\n\n\n\n<p>GUAY (le), Damien, <em>La guerre civile qui vient est d\u00e9j\u00e0 l\u00e0,<\/em> Paris, CERF \u00c9ditions, 2017, 219 pages.<\/p>\n\n\n\n<p>GUIX\u00c9, Jordi, \u00ab Pers\u00e9cutions d\u2019exil: La r\u00e9pression politique des r\u00e9publicains espagnols en France (1937-1951) \u00bb, <em>Relations internationales<\/em> 142, juillet 2010, p. 71\u201186.<\/p>\n\n\n\n<p>FOUCAULT, Michel, <em>Il faut d\u00e9fendre la soci\u00e9t\u00e9. Cours au Coll\u00e8ge de France (1976)<\/em>, Paris, Gallimard \/ Seuil, coll. \u00ab Hautes \u00c9tudes \u00bb, 1997, 283 pages.<\/p>\n\n\n\n<p>JOUIN, C\u00e9line, \u00ab Droit international et guerre civile \u00bb, dans <em>Le retour de la guerre juste. Droit international, \u00e9pist\u00e9mologie et id\u00e9ologie chez Carl Schmitt<\/em>, Paris, \u00c9ditions de l\u2019EHESS, 2013, p. 269-306.<\/p>\n\n\n\n<p>JOURDAIN, \u00c9douard, <em>Le sauvage et le politique<\/em>, Paris, PUF, 2023, 408 pages.<\/p>\n\n\n\n<p>LAVAL Christian, \u00ab Une nouvelle guerre civile mondiale \u00bb, dans DELUCHEY, Jean-Fran\u00e7ois, et CHAMPROUX, Nathalie (dir.), <em>La valeur n\u00e9olib\u00e9rale de l\u2019humain. Capitalisme et biopolitique \u00e0 l\u2019\u00e8re pand\u00e9mique<\/em>, Paris, Kim\u00e9, 2022, p. 227-239, URL : <a href=\"https:\/\/shs.cairn.info\/article\/KIME_DELUC_2022_01_0227?lang=fr&amp;tab=premieres-lignes\">https:\/\/shs.cairn.info\/article\/KIME_DELUC_2022_01_0227?lang=fr&amp;tab=premieres-lignes<\/a>.<\/p>\n\n\n\n<p>LOYER Barbara, \u00ab Guerre et g\u00e9opolitique \u00bb, dans <em>G\u00e9opolitique. M\u00e9thodes et concepts<\/em>, Armand Colin, 2024, p. 68-77, disponible en ligne : <a href=\"https:\/\/shs.cairn.info\/geopolitique--9782200637705-page-68\">https:\/\/shs.cairn.info\/geopolitique&#8211;9782200637705-page-68<\/a><\/p>\n\n\n\n<p>SALMON Pierre, BABY Sophie, GODICHEAU Fran\u00e7ois, NUQ Am\u00e9lie, ROUSSELOT Nathan, SESMA Nicolas et YUSTA Mercedes, \u00ab Les faussaires de l\u2019histoire contre la d\u00e9mocratie : Quelques r\u00e9flexions \u00e0 partir du cas espagnol \u00bb, <em>20 &amp; 21. Revue d\u2019histoire<\/em> 1 (vol. CLXI), 2024, p. 75\u201193, URL : <a href=\"https:\/\/shs.cairn.info\/revue-vingt-et-vingt-et-un-revue-d-histoire-2024-1-page-75?lang=fr&amp;tab=resume\">https:\/\/shs.cairn.info\/revue-vingt-et-vingt-et-un-revue-d-histoire-2024-1-page-75?lang=fr&amp;tab=resume<\/a>.<\/p>\n\n\n\n<p>SCOTT, Joan W., <em>La Politique de la voix : essais sur le genre et l\u2019histoire<\/em>, trad. B\u00e9atrice Han-Pile, Paris, \u00c9ditions Amsterdam, 2009.<\/p>\n\n\n\n<p>SPIVAK, Gayatri Chakravorty, <em>Peut-on parler au nom des subalternes ?<\/em> suivie de <em>Les subalternes peuvent-elles parler ?<\/em>, trad. J\u00e9r\u00f4me Vidal, Paris, \u00c9ditions Amsterdam, 2006, 144 pages.<\/p>\n\n\n\n<p>TREMBLAY-AUGER Benjamin, \u00ab Financer la discorde : Le soutien international aux groupes rebelles comme contre-force \u00e0 la r\u00e9solution des conflits civils \u00bb, <em>\u00c9tudes internationales<\/em> 3 (vol. LII), 2021, p. 241, URL : <a href=\"https:\/\/www.erudit.org\/en\/journals\/ei\/2021-v52-n3-ei06979\/1088833ar\/\">https:\/\/www.erudit.org\/en\/journals\/ei\/2021-v52-n3-ei06979\/1088833ar\/<\/a>.<\/p>\n\n\n\n<p>VILLARREAL PALOS Arturo, \u00ab Sobre la definici\u00f3n y contenido del Derecho Internacional Penal y sus diferencias con el Derecho Penal Internacional \u00bb, <em>Derecho Global. Estudios sobre Derecho y Justicia<\/em> 19 (vol. VII), 2021, p. 81\u2011111, URL : <a href=\"https:\/\/derechoglobal.cucsh.udg.mx\/index.php\/DG\/article\/view\/360\">https:\/\/derechoglobal.cucsh.udg.mx\/index.php\/DG\/article\/view\/360<\/a>.<\/p>\n\n\n\n<p class=\"has-text-align-center\"><strong>L&#8217;APR\u00c8S : R\u00c9CITS, M\u00c9MOIRES, T\u00c9MOIGNAGES<\/strong><\/p>\n\n\n<div class=\"wp-block-image\">\n<figure class=\"aligncenter size-large is-resized\"><img loading=\"lazy\" decoding=\"async\" width=\"621\" height=\"1024\" src=\"https:\/\/memostasis.parisnanterre.fr\/wp-content\/uploads\/2025\/09\/Red_Badge_of_Courage_1895_cover-621x1024.jpg\" alt=\"\" class=\"wp-image-173\" style=\"width:285px;height:auto\" srcset=\"https:\/\/memostasis.parisnanterre.fr\/wp-content\/uploads\/2025\/09\/Red_Badge_of_Courage_1895_cover-621x1024.jpg 621w, https:\/\/memostasis.parisnanterre.fr\/wp-content\/uploads\/2025\/09\/Red_Badge_of_Courage_1895_cover-182x300.jpg 182w, https:\/\/memostasis.parisnanterre.fr\/wp-content\/uploads\/2025\/09\/Red_Badge_of_Courage_1895_cover-768x1267.jpg 768w, https:\/\/memostasis.parisnanterre.fr\/wp-content\/uploads\/2025\/09\/Red_Badge_of_Courage_1895_cover.jpg 871w\" sizes=\"auto, (max-width: 621px) 100vw, 621px\" \/><\/figure>\n<\/div>\n\n\n<p class=\"has-text-align-center has-small-font-size\">Stephen Crane, <em>The Red Badge of Courage<\/em>, New York, Appleton &amp; Co, 1895<\/p>\n\n\n\n<p>AKELA, Reason, <em>Politics and Memory : Civil War Monuments ind Gilded Age New York, <\/em>New Haven, Yale University Press, 2025, 304 pages.<\/p>\n\n\n\n<p>ASSMANN, Aleida, <em>Forms of Forgetting<\/em>, Londres, Palgrave Macmillan, 2015, 224 pages.<\/p>\n\n\n\n<p>BARBICHE, Bernard, \u00ab Les trait\u00e9s conclus entre le roi de France et ses sujets rebelles (fin XVIe- d\u00e9but XVIIe si\u00e8cle) \u00bb, dans PONCET, Olivier (dir.), <em>Diplomatique et diplomatie. Les trait\u00e9s (Moyen-\u00c2ge, d\u00e9but du XIXe si\u00e8cle), <\/em>Paris, Publications de l\u2019Ecole Nationale des Chartes, 2015, p. 91-104.<\/p>\n\n\n\n<p>BELL, David A., <em>Le culte des chefs. Charisme et pouvoir \u00e0 l&#8217;\u00e9poque des r\u00e9volutions<\/em>, Paris, Fayard, 2022, 384 pages.<\/p>\n\n\n\n<p>BENEDICT, Philip, DAUSSY, Hugues et LECHOT, Pierre-Olivier (dir.), <em>L\u2019Identit\u00e9 huguenote. Faire m\u00e9moire et \u00e9crire l\u2019histoire (XVI<sup>e<\/sup>-XXI<sup>e<\/sup> si\u00e8cle)<\/em>, Gen\u00e8ve, Droz, 2014, 664 pages.<\/p>\n\n\n\n<p>CAPDEP\u00d3N, Ulrike, <em>\u201cChallenging the Symbolic Representation of the Franco Dictatorship : The Street Name Controversy in Madrid\u201d, History and Memory<\/em> 1 (vol. 32), 2020, p. 100-130, URL : <a href=\"https:\/\/doi.org\/10.2979\/histmemo.32.1.06\">https:\/\/doi.org\/10.2979\/histmemo.32.1.06<\/a>.\u00a0<\/p>\n\n\n\n<p>DUONG BA WENDEL, Delia, <em>Rwanda\u2019s Genocide Heritage : Between Justice and Sovereignity, <\/em>Durham, Duke University Press, 2025, 464 pages.<\/p>\n\n\n\n<p>DUMAS, H\u00e9l\u00e8ne, \u00ab Histoire, Justice et R\u00e9conciliation : Les Juridictions Gacaca au Rwanda \u00bb, <em>Mouvements <\/em>53, 2008, p. 110-170, URL : <a href=\"https:\/\/shs.cairn.info\/revue-mouvements-2008-1-page-110?lang=fr\">https:\/\/shs.cairn.info\/revue-mouvements-2008-1-page-110?lang=fr<\/a>.<\/p>\n\n\n\n<p>GREEN, N. Hilary, <em>Unforgettable Sacrifice : How black communities remember the Civil War, <\/em>New-York, Fordham University Press, 2025, 400 pages.<\/p>\n\n\n\n<p>HOLTZ, Gr\u00e9goire, \u00ab Des textes ensauvag\u00e9s\u202f?: L\u2019\u00e9criture collective des M\u00e9moires \u00bb, <em>Po\u00e9tique<\/em> 165, 2011, p. 37\u201151.<\/p>\n\n\n\n<p>KALYVAS Stathis N., <em>The Logic of Violence in Civil War<\/em>, Cambridge, Cambridge University Press, 2006, 508 pages.<\/p>\n\n\n\n<p>KORMAN, R\u00e9mi, \u00ab Espaces de la m\u00e9moire du g\u00e9nocide des Tutsis au Rwanda: M\u00e9moriaux et lieux de m\u00e9moire \u00bb, <em>Afrique contemporaine<\/em> 238, 2011, p. 11\u201127.<\/p>\n\n\n\n<p>&#8211; \u00ab Jean-Pierre Chr\u00e9tien, Marcel Kabanda. Rwanda. Racisme et g\u00e9nocide\u202f: l\u2019id\u00e9ologie hamitique: \u00bb, <em>Afrique contemporaine<\/em> 248, 2014, p. 151\u2011153.<\/p>\n\n\n\n<p>&#8211; \u00ab L\u2019\u00c9tat rwandais et la m\u00e9moire du g\u00e9nocide: Comm\u00e9morer sur les ruines (1994-1996) \u00bb, <em>Vingti\u00e8me Si\u00e8cle. Revue d\u2019histoire<\/em> 122, 2014, p. 87\u201198.<\/p>\n\n\n\n<p>KORMAN, R\u00e9mi et ROBINET, Fran\u00e7ois, \u00ab Rwanda 1994. Archives, m\u00e9moires, h\u00e9ritages \u00bb:, <em>Mat\u00e9riaux pour l\u2019histoire de notre temps<\/em> 151-152, 2024, p. 2\u20118.<\/p>\n\n\n\n<p>LEDESMA Jos\u00e9 Luis, \u00ab \u00bfExiste una historia social de la guerra civil de 1936 en el siglo XXI ? \u00bb, <em>Historia y Pol\u00edtica : Ideas, Procesos y Movimientos Sociales<\/em> 51, 2024, p. 185\u2011217, URL : <a href=\"https:\/\/www.cepc.gob.es\/publicaciones\/revistas\/historia-y-politica\/numero-51-enerojunio-2024\/existe-una-historia-social-de-la-guerra-civil-de-1936-en-el-siglo-xxi\">https:\/\/www.cepc.gob.es\/publicaciones\/revistas\/historia-y-politica\/numero-51-enerojunio-2024\/existe-una-historia-social-de-la-guerra-civil-de-1936-en-el-siglo-xxi<\/a>.<\/p>\n\n\n\n<p>LEMPEREUR, Alain, <em>Puissance de la m\u00e9diation contre la guerre civile<\/em>, Paris, Descartes et cie., 2021, 600 pages.<\/p>\n\n\n\n<p>LEDOUX S\u00e9bastien, \u00ab Pacifier les soci\u00e9t\u00e9s post-guerre civile par la m\u00e9moire ? \u00bb, <em>Pouvoirs<\/em> 188, 2024, p. 95-107, URL : <a href=\"https:\/\/droit.cairn.info\/revue-pouvoirs-2024-1-page-95?lang=fr\">https:\/\/droit.cairn.info\/revue-pouvoirs-2024-1-page-95?lang=fr<\/a>.<\/p>\n\n\n\n<p>L\u00c9VY, Jacques, <em>L\u2019Humanit\u00e9 : un commencement : Le tournant-\u00e9thique de la soci\u00e9t\u00e9-Monde<\/em>, Paris, Odile Jacob, 2021, 416 pages, URL : <a href=\"https:\/\/shs.cairn.info\/l-humanite-un-commencement--9782738154088\">https:\/\/shs.cairn.info\/l-humanite-un-commencement&#8211;9782738154088<\/a>.<\/p>\n\n\n\n<p>MADRID, Dar\u00edo, <em>Mentiras desveladas y v\u00edctimas inocentes de la Guerra Civil, <\/em>Madrid, La esfera de le los libros, 2025, 480 pages.<\/p>\n\n\n\n<p>MARGALIT, Avishai, <em>L\u2019\u00c9thique du souvenir<\/em>, trad. Catherine Malamoud, Paris, La D\u00e9couverte, 2006, 244 pages.<\/p>\n\n\n\n<p>NORA, Pierre (dir.), <em>Les Lieux de m\u00e9moire<\/em>, 3 vol., Paris, Gallimard, 1984\u20131992.<\/p>\n\n\n\n<p>NEWMAN, Edward, et DeROUEN, Karl (dir.), <em>Routledge Handbook of Civil Wars<\/em>, 1st ed., London, Routledge, 2025, 406 pages.<\/p>\n\n\n\n<p>RICOEUR, Paul, <em>La M\u00e9moire, l\u2019histoire, l\u2019oubli<\/em>, Paris, Seuil, 2000, 736 pages.<\/p>\n\n\n\n<p>OLEJA, Jos\u00e9, <em>Claves Inb\u00e9ricas de la Guerra Civil, Memorias y narrativas, <\/em>S\u00e9ville, Editorial Renacimiento, 2023, 908 pages.<\/p>\n\n\n\n<p>SALMON MONVIOLA, Olivia, \u00ab &#8220;La R\u00e9publique des fils&#8221;, m\u00e9moire en h\u00e9ritage. Pratiques m\u00e9morielles des descendants des R\u00e9publicains espagnols \u00bb, <em>Amnis<\/em> 18, 2019, URL : <a href=\"https:\/\/journals.openedition.org\/amnis\/4732\">https:\/\/journals.openedition.org\/amnis\/4732<\/a>.<\/p>\n\n\n\n<p>SERVENT, Pierre, <em>Les guerres modernes racont\u00e9es aux civils\u2026 et aux militaires, <\/em>Paris, Tempus Perrin, 2025, 400 pages.<\/p>\n\n\n\n<p>TROUILLOT, Michel-Rolph, <em>Silencing the Past: Power and the Production of History<\/em>, Boston, Beacon Press, 1995, 216 pages.<\/p>\n\n\n\n<p>VI\u00d1AS, \u00c1ngel, \u00ab La guerra civil. Una contextualizaci\u00f3n de bibliograf\u00eda significativa \u00bb, <em>Bulletin d\u2019histoire contemporaine de l\u2019Espagne<\/em> 52, 2017, p. 57\u201169, URL : <a href=\"https:\/\/journals.openedition.org\/bhce\/299\">https:\/\/journals.openedition.org\/bhce\/299<\/a>.<\/p>\n\n\n\n<p>WALZER, Michael, <em>Just and Unjust Wars: A Moral Argument with Historical Illustrations<\/em>, New York, Basic Books, 1977, 400 pages.<\/p>\n\n\n\n<p>WAHNICH, Sophie, \u00ab Amnisties et conscience historique \u00bb, <em>L\u2019Homme &amp; la Soci\u00e9t\u00e9<\/em> 159, 2006, p. 165\u2011173.<\/p>\n\n\n\n<p>&#8211; \u00ab Refuser, revendiquer, accorder l\u2019amnistie: \u00bb, <em>Lignes<\/em> 10, 2003, p. 25\u201144.<\/p>\n\n\n\n<p>&#8211; <em>Une histoire politique de l\u2019amnistie<\/em>, Paris, Presses Universitaires de France, 2007, 264 pages, URL\u202f: <a href=\"http:\/\/www.cairn.info\/une-histoire-politique-de-l-amnistie--9782130559030.htm\">http:\/\/www.cairn.info\/une-histoire-politique-de-l-amnistie&#8211;9782130559030.htm<\/a>.<\/p>\n\n\n\n<p class=\"has-text-align-center\"><strong>LITT\u00c9RATURES, ARTS VISUELS, MEDIAS<\/strong><\/p>\n\n\n<div class=\"wp-block-image\">\n<figure class=\"aligncenter size-full is-resized\"><img loading=\"lazy\" decoding=\"async\" width=\"434\" height=\"580\" src=\"https:\/\/memostasis.parisnanterre.fr\/wp-content\/uploads\/2025\/09\/Gonzales-Masque-de-Montserrat-criant-1938-1939-Paris-MNAM-AM-1403-S.png\" alt=\"\" class=\"wp-image-166\" style=\"width:286px;height:auto\" srcset=\"https:\/\/memostasis.parisnanterre.fr\/wp-content\/uploads\/2025\/09\/Gonzales-Masque-de-Montserrat-criant-1938-1939-Paris-MNAM-AM-1403-S.png 434w, https:\/\/memostasis.parisnanterre.fr\/wp-content\/uploads\/2025\/09\/Gonzales-Masque-de-Montserrat-criant-1938-1939-Paris-MNAM-AM-1403-S-224x300.png 224w\" sizes=\"auto, (max-width: 434px) 100vw, 434px\" \/><\/figure>\n<\/div>\n\n\n<p class=\"has-text-align-center has-small-font-size\">J. Gonzales, <em>Masque de Montserrat criant<\/em>, 1938-1939 (Paris, MNAM, AM 1403 S)<\/p>\n\n\n\n<p>ALEXANDER, Tyler, <em>If I can get home this fall : a story of love, loss, and a cause in the civil war, <\/em>Lincoln, Potomac books, 2025, 321 pages.<\/p>\n\n\n\n<p>ARROYO MART\u00cdNEZ, Laura, \u00ab La Guerra Civil y la dictadura franquista en la literatura y el cine espa\u00f1ol : estado de la cuesti\u00f3n desde la transdisciplinariedad educativa \u00bb, <em>Revista Iberoamericana de Educaci\u00f3n<\/em> 1 (vol. XCII), 2023, p. 107\u2011117, URL : <a href=\"https:\/\/rieoei.org\/RIE\/article\/view\/5739\">https:\/\/rieoei.org\/RIE\/article\/view\/5739<\/a>.<\/p>\n\n\n\n<p>FONTAINE ROUSSEAU, Alexandre, et SPARD, Vincent, \u00ab La Cin\u00e9math\u00e8que au temps de la guerre civile \u00bb, <em>24 images<\/em> 172, 2015, p. 64.<\/p>\n\n\n\n<p>GANESHANANTHAN, Vasugi V., <em>Dans la nuit solitaire, <\/em>Paris, Autrement, 2025, 480 pages.<\/p>\n\n\n\n<p>HATZFELD, Jean, <em>L\u00e0 o\u00f9 tout se tait<\/em>, Paris, Gallimard, 2021, 224 pages.<\/p>\n\n\n\n<p>HUMBERT, Fabrice, <em>De l\u2019autre c\u00f4t\u00e9 de la vie, <\/em>Paris, Calmann-L\u00e9vy, 2025, 200 pages.<\/p>\n\n\n\n<p>PELLICIER, Raynal (sc\u00e9nario), TITWANE (dessin), <em>Fot\u00f3grafos de guerra, \u201cHans Namuth y Georg Reisner, 1936-1940\u201d, <\/em>Barcelone, Planeta C\u00f3mic, 2025, 134 pages.\u00a0<\/p>\n\n\n\n<p>R\u00c9CONDO (DE), L\u00e9onor, <em>Marcher dans tes pas, <\/em>Paris, L\u2019Iconoclaste, 2025, 242 pages.<\/p>\n\n\n\n<p>SAAVEDRA ARIAS, Rebeca, <em>Destruir y proteger : el patrimonio hist\u00f3rico-art\u00edstico durante la Guerra Civil (1936-1939)<\/em>, Santander, Ed. Universidad de Cantabria, 2016, 429 pages.<\/p>\n\n\n\n<p class=\"has-text-align-center has-theme-palette-1-color has-theme-palette-7-background-color has-text-color has-background has-link-color wp-elements-fe0ceb3e7f7353c28dc049a05125ed1b\"><strong>Voir, \u00e9couter<\/strong><\/p>\n\n\n\n<p><strong>T\u00c9L\u00c9VISION<\/strong><\/p>\n\n\n\n<p>BENHAMOU, St\u00e9phane, et NECEK, Barbara, <em>Espagne, une guerre sans fin<\/em>, Arte documentaire <a href=\"https:\/\/www.arte.tv\/fr\/videos\/RC-026315\/espagne-une-guerre-sans-fin\">https:\/\/www.arte.tv\/fr\/videos\/RC-026315\/espagne-une-guerre-sans-fin<\/a><\/p>\n\n\n\n<p>FOA, J\u00e9r\u00e9mie, &#8220;Les Guerres civiles nous ont-elles civilis\u00e9es ?&#8221;, Arte, <em>Les Id\u00e9es larges<\/em> <a href=\"https:\/\/www.arte.tv\/fr\/videos\/122772-010-A\/les-guerres-civiles-nous-ont-elles-civilises\/\">https:\/\/www.arte.tv\/fr\/videos\/122772-010-A\/les-guerres-civiles-nous-ont-elles-civilises\/<\/a><\/p>\n\n\n\n<p class=\"has-text-align-center has-theme-palette-1-color has-theme-palette-7-background-color has-text-color has-background has-link-color wp-elements-5e4455e40ff91d0bf83bd968bc04051a\"><strong>Manifestations scientifiques<\/strong><\/p>\n\n\n\n<p><strong>2026<\/strong><\/p>\n\n\n\n<p><a href=\"https:\/\/icrpc.cat\/es\/noticias\/702-el-instituto-catalan-de-investigacion-en-patr.html\">https:\/\/icrpc.cat\/es\/noticias\/702-el-instituto-catalan-de-investigacion-en-patr.html<\/a><a href=\"https:\/\/vannes.uco.fr\/fr\/event\/sorties-de-guerres-civiles-des-guerres-de-religion-au-rwanda\">sorties-de-guerres-civiles-des-guerres-de-religion-au-rwanda<\/a><\/p>\n\n\n\n<p><a href=\"https:\/\/www.fabula.org\/actualites\/127604\/congres-de-la-societes-des-etudes-romantiques-et-dix-neuviemistes-2026.html\">https:\/\/www.fabula.org\/actualites\/127604\/congres-de-la-societes-des-etudes-romantiques-et-dix-neuviemistes-2026.html<\/a><\/p>\n\n\n\n<p><a href=\"https:\/\/www.fabula.org\/actualites\/126357\/colloque-international-heroismes-en-temps-de-guerres-et-de.html\">https:\/\/www.fabula.org\/actualites\/126357\/colloque-international-heroismes-en-temps-de-guerres-et-de.html<\/a><\/p>\n\n\n\n<p><a href=\"https:\/\/www.iguemus.cat\/es\/congreso-internacional.html\">https:\/\/www.iguemus.cat\/es\/congreso-internacional.html<\/a><\/p>\n\n\n\n<p><a href=\"https:\/\/www.angers.fr\/vivre-a-angers\/culture\/enseignement-cours-pour-adultes\/institut-municipal\/evenement\/82731-l-europe-et-le-conflit-ukrainien\/index.html\">https:\/\/www.angers.fr\/vivre-a-angers\/culture\/enseignement-cours-pour-adultes\/institut-municipal\/evenement\/82731-l-europe-et-le-conflit-ukrainien\/index.html<\/a><\/p>\n\n\n\n<p><a href=\"https:\/\/www.lesmardisdelaphilo.com\/conferences\/ou-en-est-la-troisieme-guerre-mondiale\">https:\/\/www.lesmardisdelaphilo.com\/conferences\/ou-en-est-la-troisieme-guerre-mondiale<\/a><\/p>\n\n\n\n<p><a href=\"https:\/\/www.bnf.fr\/fr\/agenda\/voir-ou-ne-pas-voir-la-guerre-reporters-et-reportages-sur-les-grands-conflits-du-xxe-siecle\">https:\/\/www.bnf.fr\/fr\/agenda\/voir-ou-ne-pas-voir-la-guerre-reporters-et-reportages-sur-les-grands-conflits-du-xxe-siecle<\/a><\/p>\n\n\n\n<p><strong>2025<\/strong><\/p>\n\n\n\n<p><a href=\"https:\/\/www.sciencespo.fr\/ceri-evenement\/fr\/evenements\/la-fabrique-transnationale-des-guerres-civiles\">https:\/\/www.sciencespo.fr\/ceri-evenement\/fr\/evenements\/la-fabrique-transnationale-des-guerres-civiles<\/a><\/p>\n\n\n\n<p><a href=\"https:\/\/www.quartierlibre-conferences.fr\/event-details\/colloque-sorties-de-guerres-civiles-des-guerres-de-religion-au-rwanda-gratuit\">colloque-sorties-de-guerres-civiles-des-guerres-de-religion-au-rwanda-gratuit<\/a><\/p>\n\n\n\n<p><a href=\"https:\/\/bibliotheques-haute-vienne.fr\/espace-lecteur\/les-evenements\/agenda-des-manifestations\/761-conference-la-guerre-civile-espagnole-1936-1939-par-monique-dollin-du-fresnel-a-partir-de-son-livre-le-serment-de-guernica\">https:\/\/bibliotheques-haute-vienne.fr\/espace-lecteur\/les-evenements\/agenda-des-manifestations\/761-conference-la-guerre-civile-espagnole-1936-1939-par-monique-dollin-du-fresnel-a-partir-de-son-livre-le-serment-de-guernica<\/a><\/p>\n\n\n\n<p><a href=\"https:\/\/www.fondationshoah.org\/recherche\/colloque-1945-2025-guerre-et-apres-guerres-perspectives-contemporaines-sur-le-monde-apres\">https:\/\/www.fondationshoah.org\/recherche\/colloque-1945-2025-guerre-et-apres-guerres-perspectives-contemporaines-sur-le-monde-apres<\/a><\/p>\n\n\n\n<p><a href=\"https:\/\/www.sciencespo.fr\/ceri-evenement\/fr\/evenements\/yemen-dix-ans-de-guerre-2015-2025\/\">https:\/\/www.sciencespo.fr\/ceri-evenement\/fr\/evenements\/yemen-dix-ans-de-guerre-2015-2025\/<\/a><\/p>\n\n\n\n<p><\/p>\n","protected":false},"excerpt":{"rendered":"<p>Lire R\u00e9f\u00e9rences Bibliographiques&nbsp;(2015 &#8211; 2025) \u00c9PIST\u00c9MOLOGIE DE LA GUERRE CIVILE&nbsp; Et\u00e9ocle et Polynice, urne fun\u00e9raire, argile, 2e s. av. JC (Paris, BnF, inv.65.5234) D\u00e9finitions, th\u00e9ories ARMITAGE, David, Civil Wars: A History in Ideas, New York, Alfred A. Knopf, 2017, 360 pages. BACHAND, Marise, \u00ab Un monument est une injonction : la guerre civile (1861-1865) et&#8230;<\/p>\n","protected":false},"author":2,"featured_media":146,"parent":0,"menu_order":0,"comment_status":"closed","ping_status":"closed","template":"","meta":{"_kad_blocks_custom_css":"","_kad_blocks_head_custom_js":"","_kad_blocks_body_custom_js":"","_kad_blocks_footer_custom_js":"","_kad_post_transparent":"","_kad_post_title":"","_kad_post_layout":"","_kad_post_sidebar_id":"","_kad_post_content_style":"","_kad_post_vertical_padding":"","_kad_post_feature":"","_kad_post_feature_position":"","_kad_post_header":false,"_kad_post_footer":false,"footnotes":""},"class_list":["post-53","page","type-page","status-publish","has-post-thumbnail","hentry"],"taxonomy_info":[],"featured_image_src_large":["https:\/\/memostasis.parisnanterre.fr\/wp-content\/uploads\/2025\/09\/Vietnam_banderole-993x1024.png",993,1024,true],"author_info":{"display_name":"webestre","author_link":"https:\/\/memostasis.parisnanterre.fr\/index.php\/author\/scarella\/"},"comment_info":0,"_links":{"self":[{"href":"https:\/\/memostasis.parisnanterre.fr\/index.php\/wp-json\/wp\/v2\/pages\/53","targetHints":{"allow":["GET"]}}],"collection":[{"href":"https:\/\/memostasis.parisnanterre.fr\/index.php\/wp-json\/wp\/v2\/pages"}],"about":[{"href":"https:\/\/memostasis.parisnanterre.fr\/index.php\/wp-json\/wp\/v2\/types\/page"}],"author":[{"embeddable":true,"href":"https:\/\/memostasis.parisnanterre.fr\/index.php\/wp-json\/wp\/v2\/users\/2"}],"replies":[{"embeddable":true,"href":"https:\/\/memostasis.parisnanterre.fr\/index.php\/wp-json\/wp\/v2\/comments?post=53"}],"version-history":[{"count":134,"href":"https:\/\/memostasis.parisnanterre.fr\/index.php\/wp-json\/wp\/v2\/pages\/53\/revisions"}],"predecessor-version":[{"id":435,"href":"https:\/\/memostasis.parisnanterre.fr\/index.php\/wp-json\/wp\/v2\/pages\/53\/revisions\/435"}],"wp:featuredmedia":[{"embeddable":true,"href":"https:\/\/memostasis.parisnanterre.fr\/index.php\/wp-json\/wp\/v2\/media\/146"}],"wp:attachment":[{"href":"https:\/\/memostasis.parisnanterre.fr\/index.php\/wp-json\/wp\/v2\/media?parent=53"}],"curies":[{"name":"wp","href":"https:\/\/api.w.org\/{rel}","templated":true}]}}